{"id":1845,"date":"2025-07-11T18:37:17","date_gmt":"2025-07-11T18:37:17","guid":{"rendered":"https:\/\/gestalterapeuta.com\/acompanyament-professorat\/"},"modified":"2026-09-04T16:07:01","modified_gmt":"2026-09-04T16:07:01","slug":"acompanyament-professorat","status":"publish","type":"page","link":"https:\/\/gestalterapeuta.com\/ca\/acompanyament-professorat\/","title":{"rendered":"\u00c0mbit educatiu i social"},"content":{"rendered":"\t\t<div data-elementor-type=\"wp-page\" data-elementor-id=\"1845\" class=\"elementor elementor-1845 elementor-812\" data-elementor-post-type=\"page\">\n\t\t\t\t<div class=\"elementor-element elementor-element-380f3ce9 e-flex e-con-boxed parallax_section_no qode_elementor_container_no e-con e-parent\" data-id=\"380f3ce9\" data-element_type=\"container\" data-e-type=\"container\">\n\t\t\t\t\t<div class=\"e-con-inner\">\n\t\t\t\t<div class=\"elementor-element elementor-element-f7b95bf elementor-widget elementor-widget-qi_addons_for_elementor_animated_text\" data-id=\"f7b95bf\" data-element_type=\"widget\" data-e-type=\"widget\" data-widget_type=\"qi_addons_for_elementor_animated_text.default\">\n\t\t\t\t<div class=\"elementor-widget-container\">\n\t\t\t\t\t<div class=\"qodef-shortcode qodef-m qodef-qi-animated-text qodef--alignment-center qodef-qi--has-appear qodef--appear-from-bottom\" >\n\t\t<h2 class=\"qodef-m-title\">\n\t\t PROGRAMES D'ACOMPANYAMENT I DESENVOLUPAMENT PER L'ALUMNAT I PROFESSIONALS DE LA COMUNITAT EDUCATIVA\t<\/h2>\n<\/div>\n\t\t\t\t<\/div>\n\t\t\t\t<\/div>\n\t\t\t\t<div class=\"elementor-element elementor-element-8dff873 elementor-widget elementor-widget-heading\" data-id=\"8dff873\" data-element_type=\"widget\" data-e-type=\"widget\" data-widget_type=\"heading.default\">\n\t\t\t\t<div class=\"elementor-widget-container\">\n\t\t\t\t\t<h4 class=\"elementor-heading-title elementor-size-default\">Enfocament des de la ter\u00e0pia Gestalt per a la integraci\u00f3, el suport emocional i el desenvolupament professional.<\/h4>\t\t\t\t<\/div>\n\t\t\t\t<\/div>\n\t\t\t\t\t<\/div>\n\t\t\t\t<\/div>\n\t\t<div class=\"elementor-element elementor-element-ec9a3f9 e-flex e-con-boxed parallax_section_no qode_elementor_container_no e-con e-parent\" data-id=\"ec9a3f9\" data-element_type=\"container\" data-e-type=\"container\">\n\t\t\t\t\t<div class=\"e-con-inner\">\n\t\t<div class=\"elementor-element elementor-element-02592cb e-con-full e-flex parallax_section_no qode_elementor_container_no e-con e-child\" data-id=\"02592cb\" data-element_type=\"container\" data-e-type=\"container\">\n\t\t\t\t<div class=\"elementor-element elementor-element-6bfd134 elementor-widget elementor-widget-image\" data-id=\"6bfd134\" data-element_type=\"widget\" data-e-type=\"widget\" data-widget_type=\"image.default\">\n\t\t\t\t<div class=\"elementor-widget-container\">\n\t\t\t\t\t\t\t\t\t\t\t\t\t\t\t<img decoding=\"async\" src=\"https:\/\/gestalterapeuta.com\/wp-content\/uploads\/elementor\/thumbs\/Escritura-terapeutica-2-2-e1754061439401-r9mfjf8aygryi61bgsm5v7lucq238acv7rdtnc07gk.jpg\" title=\"Escritura-terapeutica-2\" alt=\"Sillas vac\u00edas Marta Borr\u00f3s\" loading=\"lazy\" \/>\t\t\t\t\t\t\t\t\t\t\t\t\t\t\t<\/div>\n\t\t\t\t<\/div>\n\t\t\t\t<\/div>\n\t\t<div class=\"elementor-element elementor-element-65fc211 e-con-full e-flex parallax_section_no qode_elementor_container_no e-con e-child\" data-id=\"65fc211\" data-element_type=\"container\" data-e-type=\"container\">\n\t\t\t\t<div class=\"elementor-element elementor-element-6c03af4e elementor-widget elementor-widget-text-editor\" data-id=\"6c03af4e\" data-element_type=\"widget\" data-e-type=\"widget\" data-widget_type=\"text-editor.default\">\n\t\t\t\t<div class=\"elementor-widget-container\">\n\t\t\t\t\t\t\t\t\t<p><span style=\"font-weight: 400;\">L&#8217;Hivernacle, un espai de trobada, suport i reflexi\u00f3 de la pr\u00e0ctica docent i l&#8217;aprenentatge compartit. Aprofundir en l&#8217;autoconeixement ens sembla un recurs fonamental per a qualsevol persona, per\u00f2 per als qui treballem en relaci\u00f3 cont\u00ednua amb nens, adolescents i persones adultes, resulta m\u00e9s necessari encara.\u00a0<\/span><\/p>\n<p>&nbsp;<\/p>\n<p><span style=\"font-weight: 400;\">Poder respirar i generar espai m\u00e9s enll\u00e0 de les programacions i els tr\u00e0mits administratius i burocr\u00e0tics, per oferir una resposta m\u00e9s conscient del que passa di\u00e0riament a les aules i als centres educatius.<\/span><\/p>\n<p>&nbsp;<\/p>\n<p><i><span style=\"font-weight: 400;\">El programa d&#8217;acompanyament i desenvolupament del professorat novell d&#8217;infantil,<\/span><\/i><span style=\"font-weight: 400;\"> prim\u00e0ria, secund\u00e0ria i universitat t\u00e9 com a finalitat preparar el futur professorat per a la seva integraci\u00f3 i desenvolupament en l&#8217;entorn educatiu, proporcionant eines per gestionar els primers anys d&#8217;experi\u00e8ncia docent des d&#8217;un enfocament reflexiu i vivencial.<\/span><\/p>\n\t\t\t\t\t\t\t\t<\/div>\n\t\t\t\t<\/div>\n\t\t\t\t<div class=\"elementor-element elementor-element-0436213 elementor-widget elementor-widget-bridge_blockquote\" data-id=\"0436213\" data-element_type=\"widget\" data-e-type=\"widget\" data-widget_type=\"bridge_blockquote.default\">\n\t\t\t\t<div class=\"elementor-widget-container\">\n\t\t\t\t\t<blockquote class=' with_quote_icon' style=''><i class='fa fa-quote-right' style='color: #C48319;'><\/i><h5 class='blockquote-text' style='color: #59691F;'>\u201cCambiar la educaci\u00f3n para cambiar el mundo\u201d Claudio Naranjo<\/h5><\/blockquote>\t\t\t\t<\/div>\n\t\t\t\t<\/div>\n\t\t\t\t<\/div>\n\t\t\t\t\t<\/div>\n\t\t\t\t<\/div>\n\t\t<div class=\"elementor-element elementor-element-ba04841 e-flex e-con-boxed parallax_section_no qode_elementor_container_no e-con e-parent\" data-id=\"ba04841\" data-element_type=\"container\" data-e-type=\"container\">\n\t\t\t\t\t<div class=\"e-con-inner\">\n\t\t\t\t<div class=\"elementor-element elementor-element-3d1333c elementor-widget elementor-widget-qi_addons_for_elementor_animated_text\" data-id=\"3d1333c\" data-element_type=\"widget\" data-e-type=\"widget\" data-widget_type=\"qi_addons_for_elementor_animated_text.default\">\n\t\t\t\t<div class=\"elementor-widget-container\">\n\t\t\t\t\t<div class=\"qodef-shortcode qodef-m qodef-qi-animated-text qodef--alignment-center qodef-qi--has-appear qodef--appear-from-bottom\" >\n\t\t<p class=\"qodef-m-title\">\n\t\tACTIVITATS D'AUTOCONEIXMENT PER ALUMNES\t<\/p>\n<\/div>\n\t\t\t\t<\/div>\n\t\t\t\t<\/div>\n\t\t\t\t\t<\/div>\n\t\t\t\t<\/div>\n\t\t<div class=\"elementor-element elementor-element-bec6b72 elementor-hidden-tablet elementor-hidden-mobile e-flex e-con-boxed parallax_section_no qode_elementor_container_no e-con e-parent\" data-id=\"bec6b72\" data-element_type=\"container\" data-e-type=\"container\">\n\t\t\t\t\t<div class=\"e-con-inner\">\n\t\t<div class=\"elementor-element elementor-element-c1ac78a e-con-full e-flex parallax_section_no qode_elementor_container_no e-con e-child\" data-id=\"c1ac78a\" data-element_type=\"container\" data-e-type=\"container\">\n\t\t\t\t<div class=\"elementor-element elementor-element-1284760 elementor-widget elementor-widget-bridge_image_with_text_over\" data-id=\"1284760\" data-element_type=\"widget\" data-e-type=\"widget\" data-widget_type=\"bridge_image_with_text_over.default\">\n\t\t\t\t<div class=\"elementor-widget-container\">\n\t\t\t\t\t<div class=\"q_image_with_text_over q_iwto_hover\"><div class=\"shader\" style=\"background-color: #02010100\"><\/div><div class=\"shader_hover\" style=\"background-color: #0201018C\"><\/div><img decoding=\"async\" itemprop=\"image\" src=\"https:\/\/gestalterapeuta.com\/wp-content\/uploads\/2026\/08\/Worshops-eneagrama-1.jpg\" alt=\"Foto de jovenes en Workshop Eneagrama\" \/><div class=\"text\"><table><tr><td><h3 class=\"caption no_icon\" style=\"\"><\/h3><\/td><\/tr><\/table><table><tr><td><div class=\"desc\"><\/div><\/td><\/tr><\/table><\/div><\/div>\t\t\t\t<\/div>\n\t\t\t\t<\/div>\n\t\t\t\t<div class=\"elementor-element elementor-element-ab53044 elementor-widget elementor-widget-heading\" data-id=\"ab53044\" data-element_type=\"widget\" data-e-type=\"widget\" data-widget_type=\"heading.default\">\n\t\t\t\t<div class=\"elementor-widget-container\">\n\t\t\t\t\t<h3 class=\"elementor-heading-title elementor-size-default\">WORKSHOP ENNEAGRAMA 1-2-3 PER JOVES. RECORREGUT PROGRESSIU DE LA INICIACI\u00d3 A L'APROFUNDIMENT<\/h3>\t\t\t\t<\/div>\n\t\t\t\t<\/div>\n\t\t\t\t<div class=\"elementor-element elementor-element-f342b83 elementor-widget elementor-widget-text-editor\" data-id=\"f342b83\" data-element_type=\"widget\" data-e-type=\"widget\" data-widget_type=\"text-editor.default\">\n\t\t\t\t<div class=\"elementor-widget-container\">\n\t\t\t\t\t\t\t\t\t<p>L\u2019Enneagrama pot convertir-se en una eina \u00fatil per comen\u00e7ar a observar-nos amb m\u00e9s consci\u00e8ncia i comprendre que no totes les persones percebem, sentim o reaccionem de la mateixa manera.<\/p>\n<p>A trav\u00e9s de tres workshops vivencials, adaptats a les diferents etapes educatives, proposem un recorregut progressiu que va des del primer descobriment del propi enneatip fins al coneixement del grup i, en el nivell m\u00e9s complet, a una mirada que tamb\u00e9 pot contribuir a l\u2019orientaci\u00f3 acad\u00e8mica i laboral.<\/p>\n<p>Els workshops estan adre\u00e7ats a alumnat d\u2019ESO, Batxillerat, CFGM, CFGS i estudis<br \/>universitaris, adaptant la profunditat i les propostes a l\u2019edat i al moment evolutiu de cada grup.<\/p>\n\t\t\t\t\t\t\t\t<\/div>\n\t\t\t\t<\/div>\n\t\t\t\t<\/div>\n\t\t<div class=\"elementor-element elementor-element-6e8e516 e-con-full e-flex parallax_section_no qode_elementor_container_no e-con e-child\" data-id=\"6e8e516\" data-element_type=\"container\" data-e-type=\"container\">\n\t\t\t\t<div class=\"elementor-element elementor-element-3187f0f elementor-widget elementor-widget-bridge_image_with_text_over\" data-id=\"3187f0f\" data-element_type=\"widget\" data-e-type=\"widget\" data-widget_type=\"bridge_image_with_text_over.default\">\n\t\t\t\t<div class=\"elementor-widget-container\">\n\t\t\t\t\t<div class=\"q_image_with_text_over q_iwto_hover\"><div class=\"shader\" style=\"background-color: #02010100\"><\/div><div class=\"shader_hover\" style=\"background-color: #0201018C\"><\/div><img decoding=\"async\" itemprop=\"image\" src=\"https:\/\/gestalterapeuta.com\/wp-content\/uploads\/2026\/08\/workshop-playmobil-Marta-Borros.jpg\" alt=\"\" \/><div class=\"text\"><table><tr><td><h3 class=\"caption no_icon\" style=\"\"><\/h3><\/td><\/tr><\/table><table><tr><td><div class=\"desc\"><\/div><\/td><\/tr><\/table><\/div><\/div>\t\t\t\t<\/div>\n\t\t\t\t<\/div>\n\t\t\t\t<div class=\"elementor-element elementor-element-4102788 elementor-widget elementor-widget-heading\" data-id=\"4102788\" data-element_type=\"widget\" data-e-type=\"widget\" data-widget_type=\"heading.default\">\n\t\t\t\t<div class=\"elementor-widget-container\">\n\t\t\t\t\t<h3 class=\"elementor-heading-title elementor-size-default\">WORKSHOP AMB PLAYMOBIL PER A INFANTS DE  PRIM\u00c0RIA I JOVES<\/h3>\t\t\t\t<\/div>\n\t\t\t\t<\/div>\n\t\t\t\t<div class=\"elementor-element elementor-element-5b7dd37 elementor-widget elementor-widget-text-editor\" data-id=\"5b7dd37\" data-element_type=\"widget\" data-e-type=\"widget\" data-widget_type=\"text-editor.default\">\n\t\t\t\t<div class=\"elementor-widget-container\">\n\t\t\t\t\t\t\t\t\t<p>Hi ha coses que els infants senten i que no sempre poden explicar amb paraules. Emocions dif\u00edcils de recon\u00e8ixer, preocupacions, conflictes, inseguretats, canvis o situacions que encara no saben com expressar.<\/p>\n<p>Aquest workshop utilitza els Playmobil com una eina de projecci\u00f3 i expressi\u00f3, que permet a l\u2019infant representar situacions, persones, vincles i escenes significatives per a ell. A trav\u00e9s de la construcci\u00f3 i la representaci\u00f3 poden apar\u00e8ixer continguts que potser encara no poden explicar directament.<\/p>\n<p>No es tracta de jugar amb els Playmobil, sin\u00f3 d\u2019utilitzar-los com un llenguatge simb\u00f2lic que facilita que l\u2019infant pugui donar forma a all\u00f2 que viu, sent o imagina.<\/p>\n\t\t\t\t\t\t\t\t<\/div>\n\t\t\t\t<\/div>\n\t\t\t\t<\/div>\n\t\t<div class=\"elementor-element elementor-element-7bac471 e-con-full e-flex parallax_section_no qode_elementor_container_no e-con e-child\" data-id=\"7bac471\" data-element_type=\"container\" data-e-type=\"container\">\n\t\t\t\t<div class=\"elementor-element elementor-element-cbc925c elementor-widget elementor-widget-button\" data-id=\"cbc925c\" data-element_type=\"widget\" data-e-type=\"widget\" data-widget_type=\"button.default\">\n\t\t\t\t<div class=\"elementor-widget-container\">\n\t\t\t\t\t\t\t\t\t<div class=\"elementor-button-wrapper\">\n\t\t\t\t\t<a class=\"elementor-button elementor-button-link elementor-size-sm\" href=\"https:\/\/gestalterapeuta.com\/wp-content\/uploads\/2026\/08\/WORKSHOPS-DENNEAGRAMA-PER-A-JOVES.pdf\" target=\"_blank\">\n\t\t\t\t\t\t<span class=\"elementor-button-content-wrapper\">\n\t\t\t\t\t\t\t\t\t<span class=\"elementor-button-text\">M\u00e9s informaci\u00f3 sobre els workshops<\/span>\n\t\t\t\t\t<\/span>\n\t\t\t\t\t<\/a>\n\t\t\t\t<\/div>\n\t\t\t\t\t\t\t\t<\/div>\n\t\t\t\t<\/div>\n\t\t\t\t<\/div>\n\t\t<div class=\"elementor-element elementor-element-615b1a7 e-con-full e-flex parallax_section_no qode_elementor_container_no e-con e-child\" data-id=\"615b1a7\" data-element_type=\"container\" data-e-type=\"container\">\n\t\t\t\t<div class=\"elementor-element elementor-element-886ab35 elementor-widget elementor-widget-button\" data-id=\"886ab35\" data-element_type=\"widget\" data-e-type=\"widget\" data-widget_type=\"button.default\">\n\t\t\t\t<div class=\"elementor-widget-container\">\n\t\t\t\t\t\t\t\t\t<div class=\"elementor-button-wrapper\">\n\t\t\t\t\t<a class=\"elementor-button elementor-button-link elementor-size-sm\" href=\"https:\/\/gestalterapeuta.com\/wp-content\/uploads\/2026\/08\/WORKSHOP-AMB-PLAYMOBILPER-A-INFANTS-DE-PRIMARIA.pdf\" target=\"_blank\">\n\t\t\t\t\t\t<span class=\"elementor-button-content-wrapper\">\n\t\t\t\t\t\t\t\t\t<span class=\"elementor-button-text\">M\u00e9s informaci\u00f3 sobre els workshops amb Playmobil<\/span>\n\t\t\t\t\t<\/span>\n\t\t\t\t\t<\/a>\n\t\t\t\t<\/div>\n\t\t\t\t\t\t\t\t<\/div>\n\t\t\t\t<\/div>\n\t\t\t\t<\/div>\n\t\t\t\t\t<\/div>\n\t\t\t\t<\/div>\n\t\t<div class=\"elementor-element elementor-element-287a2c4 elementor-hidden-desktop e-flex e-con-boxed parallax_section_no qode_elementor_container_no e-con e-parent\" data-id=\"287a2c4\" data-element_type=\"container\" data-e-type=\"container\">\n\t\t\t\t\t<div class=\"e-con-inner\">\n\t\t<div class=\"elementor-element elementor-element-4ac1014 e-con-full e-flex parallax_section_no qode_elementor_container_no e-con e-child\" data-id=\"4ac1014\" data-element_type=\"container\" data-e-type=\"container\">\n\t\t\t\t<div class=\"elementor-element elementor-element-0a51abf elementor-widget elementor-widget-bridge_image_with_text_over\" data-id=\"0a51abf\" data-element_type=\"widget\" data-e-type=\"widget\" data-widget_type=\"bridge_image_with_text_over.default\">\n\t\t\t\t<div class=\"elementor-widget-container\">\n\t\t\t\t\t<div class=\"q_image_with_text_over q_iwto_hover\"><div class=\"shader\" style=\"background-color: #02010100\"><\/div><div class=\"shader_hover\" style=\"background-color: #0201018C\"><\/div><img decoding=\"async\" itemprop=\"image\" src=\"https:\/\/gestalterapeuta.com\/wp-content\/uploads\/2026\/08\/Worshops-eneagrama-1.jpg\" alt=\"Foto de jovenes en Workshop Eneagrama\" \/><div class=\"text\"><table><tr><td><h3 class=\"caption no_icon\" style=\"\"><\/h3><\/td><\/tr><\/table><table><tr><td><div class=\"desc\"><\/div><\/td><\/tr><\/table><\/div><\/div>\t\t\t\t<\/div>\n\t\t\t\t<\/div>\n\t\t\t\t<div class=\"elementor-element elementor-element-222f6ea elementor-widget elementor-widget-heading\" data-id=\"222f6ea\" data-element_type=\"widget\" data-e-type=\"widget\" data-widget_type=\"heading.default\">\n\t\t\t\t<div class=\"elementor-widget-container\">\n\t\t\t\t\t<h3 class=\"elementor-heading-title elementor-size-default\"> WORKSHOP ENNEAGRAMA 1-2-3 PER A JOVES. RECORREGUT PROGRESSIU DE LA INICIACI\u00d3 A L'APROFUNDIMENT<\/h3>\t\t\t\t<\/div>\n\t\t\t\t<\/div>\n\t\t\t\t<div class=\"elementor-element elementor-element-1664f30 elementor-widget elementor-widget-text-editor\" data-id=\"1664f30\" data-element_type=\"widget\" data-e-type=\"widget\" data-widget_type=\"text-editor.default\">\n\t\t\t\t<div class=\"elementor-widget-container\">\n\t\t\t\t\t\t\t\t\t<p>L&#8217;Enneagrama pot convertir-se en una eina \u00fatil per a comen\u00e7ar a observar-nos amb major consci\u00e8ncia i comprendre que no totes les persones percebem, sentim o reaccionem de la mateixa manera.<\/p>\n<p>A trav\u00e9s de tres workshops vivencials, adaptats a les diferents etapes educatives, proposem un recorregut progressiu que va des del primer descobriment del propi eneatip fins al coneixement del grup i, en el nivell m\u00e9s complet, a una mirada que tamb\u00e9 pot contribuir a l&#8217;orientaci\u00f3 acad\u00e8mica i professional.<\/p>\n<p>Els workshops estan dirigits a alumnat d&#8217;ESO, Batxillerat,\u00a0CFGM,\u00a0CFGS\u00a0i estudis universitaris, adaptant la profunditat i les propostes a l&#8217;edat i al moment evolutiu de cada grup.<\/p>\n\t\t\t\t\t\t\t\t<\/div>\n\t\t\t\t<\/div>\n\t\t\t\t<div class=\"elementor-element elementor-element-3c2acfc elementor-widget elementor-widget-button\" data-id=\"3c2acfc\" data-element_type=\"widget\" data-e-type=\"widget\" data-widget_type=\"button.default\">\n\t\t\t\t<div class=\"elementor-widget-container\">\n\t\t\t\t\t\t\t\t\t<div class=\"elementor-button-wrapper\">\n\t\t\t\t\t<a class=\"elementor-button elementor-button-link elementor-size-sm\" href=\"https:\/\/gestalterapeuta.com\/wp-content\/uploads\/2026\/08\/WORKSHOPS-DENNEAGRAMA-PER-A-JOVES.pdf\" target=\"_blank\">\n\t\t\t\t\t\t<span class=\"elementor-button-content-wrapper\">\n\t\t\t\t\t\t\t\t\t<span class=\"elementor-button-text\">M\u00e9s informaci\u00f3 sobre els workshops<\/span>\n\t\t\t\t\t<\/span>\n\t\t\t\t\t<\/a>\n\t\t\t\t<\/div>\n\t\t\t\t\t\t\t\t<\/div>\n\t\t\t\t<\/div>\n\t\t\t\t<\/div>\n\t\t<div class=\"elementor-element elementor-element-6d6ea4d e-con-full e-flex parallax_section_no qode_elementor_container_no e-con e-child\" data-id=\"6d6ea4d\" data-element_type=\"container\" data-e-type=\"container\">\n\t\t\t\t<div class=\"elementor-element elementor-element-d38ee6f elementor-widget elementor-widget-bridge_image_with_text_over\" data-id=\"d38ee6f\" data-element_type=\"widget\" data-e-type=\"widget\" data-widget_type=\"bridge_image_with_text_over.default\">\n\t\t\t\t<div class=\"elementor-widget-container\">\n\t\t\t\t\t<div class=\"q_image_with_text_over q_iwto_hover\"><div class=\"shader\" style=\"background-color: #02010100\"><\/div><div class=\"shader_hover\" style=\"background-color: #0201018C\"><\/div><img decoding=\"async\" itemprop=\"image\" src=\"https:\/\/gestalterapeuta.com\/wp-content\/uploads\/2026\/08\/workshop-playmobil-Marta-Borros.jpg\" alt=\"\" \/><div class=\"text\"><table><tr><td><h3 class=\"caption no_icon\" style=\"\"><\/h3><\/td><\/tr><\/table><table><tr><td><div class=\"desc\"><\/div><\/td><\/tr><\/table><\/div><\/div>\t\t\t\t<\/div>\n\t\t\t\t<\/div>\n\t\t\t\t<div class=\"elementor-element elementor-element-96aca9e elementor-widget elementor-widget-heading\" data-id=\"96aca9e\" data-element_type=\"widget\" data-e-type=\"widget\" data-widget_type=\"heading.default\">\n\t\t\t\t<div class=\"elementor-widget-container\">\n\t\t\t\t\t<h3 class=\"elementor-heading-title elementor-size-default\">WORKSHOP AMB PLAYMOBIL PER A NENS I NENES DE PRIM\u00c0RIA I JOVES<\/h3>\t\t\t\t<\/div>\n\t\t\t\t<\/div>\n\t\t\t\t<div class=\"elementor-element elementor-element-42459d8 elementor-widget elementor-widget-text-editor\" data-id=\"42459d8\" data-element_type=\"widget\" data-e-type=\"widget\" data-widget_type=\"text-editor.default\">\n\t\t\t\t<div class=\"elementor-widget-container\">\n\t\t\t\t\t\t\t\t\t<p>Hi ha coses que els nens i nenes senten i que no sempre poden explicar amb paraules. Emocions dif\u00edcils de recon\u00e8ixer, preocupacions, conflictes, inseguretats, canvis o situacions que encara no saben com expressar.<\/p>\n<p>Aquest\u00a0workshop\u00a0utilitza els\u00a0Playmobil\u00a0com una eina de projecci\u00f3 i expressi\u00f3, que permet al nen o nena representar situacions, persones, vincles i escenes significatives per a ell o ella. A trav\u00e9s de la construcci\u00f3 i la representaci\u00f3 poden apar\u00e8ixer continguts que potser encara no poden explicar directament.<\/p>\n<p>No es tracta de jugar amb els\u00a0Playmobil, sin\u00f3 d&#8217;utilitzar-los com un llenguatge simb\u00f2lic que facilita que el nen o nena pugui donar forma a all\u00f2 que viu, sent o imagina.<\/p>\n\t\t\t\t\t\t\t\t<\/div>\n\t\t\t\t<\/div>\n\t\t\t\t<div class=\"elementor-element elementor-element-052ba5c elementor-widget elementor-widget-button\" data-id=\"052ba5c\" data-element_type=\"widget\" data-e-type=\"widget\" data-widget_type=\"button.default\">\n\t\t\t\t<div class=\"elementor-widget-container\">\n\t\t\t\t\t\t\t\t\t<div class=\"elementor-button-wrapper\">\n\t\t\t\t\t<a class=\"elementor-button elementor-button-link elementor-size-sm\" href=\"https:\/\/gestalterapeuta.com\/wp-content\/uploads\/2026\/08\/WORKSHOP-AMB-PLAYMOBILPER-A-INFANTS-DE-PRIMARIA.pdf\" target=\"_blank\">\n\t\t\t\t\t\t<span class=\"elementor-button-content-wrapper\">\n\t\t\t\t\t\t\t\t\t<span class=\"elementor-button-text\">M\u00e9s informaci\u00f3 sobre els workshops amb Playmobil<\/span>\n\t\t\t\t\t<\/span>\n\t\t\t\t\t<\/a>\n\t\t\t\t<\/div>\n\t\t\t\t\t\t\t\t<\/div>\n\t\t\t\t<\/div>\n\t\t\t\t<\/div>\n\t\t\t\t\t<\/div>\n\t\t\t\t<\/div>\n\t\t<div class=\"elementor-element elementor-element-0958ade e-flex e-con-boxed parallax_section_no qode_elementor_container_no e-con e-parent\" data-id=\"0958ade\" data-element_type=\"container\" data-e-type=\"container\">\n\t\t\t\t\t<div class=\"e-con-inner\">\n\t\t\t\t<div class=\"elementor-element elementor-element-355f1b6 elementor-widget elementor-widget-qi_addons_for_elementor_animated_text\" data-id=\"355f1b6\" data-element_type=\"widget\" data-e-type=\"widget\" data-widget_type=\"qi_addons_for_elementor_animated_text.default\">\n\t\t\t\t<div class=\"elementor-widget-container\">\n\t\t\t\t\t<div class=\"qodef-shortcode qodef-m qodef-qi-animated-text qodef--alignment-center qodef-qi--has-appear qodef--appear-from-bottom\" >\n\t\t<p class=\"qodef-m-title\">\n\t\tACOMPANYAMENT A PROFESSIONALS DE LA COMUNITAT EDUCATIVA\t<\/p>\n<\/div>\n\t\t\t\t<\/div>\n\t\t\t\t<\/div>\n\t\t\t\t\t<\/div>\n\t\t\t\t<\/div>\n\t\t<div class=\"elementor-element elementor-element-cd7d09a elementor-hidden-tablet elementor-hidden-mobile e-flex e-con-boxed parallax_section_no qode_elementor_container_no e-con e-parent\" data-id=\"cd7d09a\" data-element_type=\"container\" data-e-type=\"container\">\n\t\t\t\t\t<div class=\"e-con-inner\">\n\t\t<div class=\"elementor-element elementor-element-399ae75 e-con-full e-flex parallax_section_no qode_elementor_container_no e-con e-child\" data-id=\"399ae75\" data-element_type=\"container\" data-e-type=\"container\">\n\t\t\t\t<div class=\"elementor-element elementor-element-35b97fe elementor-widget elementor-widget-bridge_image_with_text_over\" data-id=\"35b97fe\" data-element_type=\"widget\" data-e-type=\"widget\" data-widget_type=\"bridge_image_with_text_over.default\">\n\t\t\t\t<div class=\"elementor-widget-container\">\n\t\t\t\t\t<div class=\"q_image_with_text_over q_iwto_hover\"><div class=\"shader\" style=\"background-color: #02010100\"><\/div><div class=\"shader_hover\" style=\"background-color: #02010180\"><\/div><img decoding=\"async\" itemprop=\"image\" src=\"https:\/\/gestalterapeuta.com\/wp-content\/uploads\/2026\/08\/Tallers-Marta-Borros-D.jpg\" alt=\"Fotograf\u00eda de Marta Borr\u00f3s en Taller de escritura\" \/><div class=\"text\"><table><tr><td><h3 class=\"caption no_icon\" style=\"\"><\/h3><\/td><\/tr><\/table><table><tr><td><div class=\"desc\"><\/div><\/td><\/tr><\/table><\/div><\/div>\t\t\t\t<\/div>\n\t\t\t\t<\/div>\n\t\t\t\t<div class=\"elementor-element elementor-element-7e6e1d4 elementor-widget elementor-widget-heading\" data-id=\"7e6e1d4\" data-element_type=\"widget\" data-e-type=\"widget\" data-widget_type=\"heading.default\">\n\t\t\t\t<div class=\"elementor-widget-container\">\n\t\t\t\t\t<h3 class=\"elementor-heading-title elementor-size-default\">ACOMPANYAMENT PER A CUIDAR A QUI EDUCA<\/h3>\t\t\t\t<\/div>\n\t\t\t\t<\/div>\n\t\t\t\t<div class=\"elementor-element elementor-element-a249da9 elementor-widget elementor-widget-text-editor\" data-id=\"a249da9\" data-element_type=\"widget\" data-e-type=\"widget\" data-widget_type=\"text-editor.default\">\n\t\t\t\t<div class=\"elementor-widget-container\">\n\t\t\t\t\t\t\t\t\t<div class=\"traductor-textarea form-group\">\n<div class=\"textarea-desti col-xs-12 col-sm-6\">\n<div class=\"form-control second-textarea\">\n<p>La formaci\u00f3 per a docents est\u00e0 dirigida a professionals de Prim\u00e0ria, ESO, Batxillerat, CFGM, CFGS, Universitat i Centres d&#8217;Educaci\u00f3 Especial que vulguin ampliar els seus recursos personals i professionals per a afrontar els reptes quotidians de la pr\u00e0ctica educativa. La proposta combina una mirada humanista, gest\u00e0ltica i vivencial amb eines que permeten comprendre millor les necessitats de l&#8217;alumnat, les din\u00e0miques que es generen a l&#8217;aula i la pr\u00f2pia manera d&#8217;exercir el rol docent.<\/p>\n<p>Les formacions aborden diferents \u00e0mbits: l&#8217;Enneagrama i el perfil de l&#8217;alumnat, com a recurs per a comprendre diferents maneres d&#8217;aprendre, relacionar-se i afrontar les dificultats; la gesti\u00f3 de l&#8217;aula i dels vincles que s&#8217;estableixen en ella; l&#8217;Enneagrama aplicat a l&#8217;orientaci\u00f3 acad\u00e8mica i professional; i l&#8217;autocura dels docents, posant el focus en el benestar emocional, els l\u00edmits i la prevenci\u00f3 del desgast professional. L&#8217;objectiu \u00e9s oferir eines pr\u00e0ctiques i espais de reflexi\u00f3 que ajudin cada docent a desenvolupar una manera pr\u00f2pia, conscient i sostenible d&#8217;acompanyar a l&#8217;alumnat.<\/p>\n<\/div>\n<p><\/div>\n<p><\/div>\n\t\t\t\t\t\t\t\t<\/div>\n\t\t\t\t<\/div>\n\t\t\t\t<\/div>\n\t\t<div class=\"elementor-element elementor-element-94ffd11 e-con-full e-flex parallax_section_no qode_elementor_container_no e-con e-child\" data-id=\"94ffd11\" data-element_type=\"container\" data-e-type=\"container\">\n\t\t\t\t<div class=\"elementor-element elementor-element-4a72720 elementor-widget elementor-widget-bridge_image_with_text_over\" data-id=\"4a72720\" data-element_type=\"widget\" data-e-type=\"widget\" data-widget_type=\"bridge_image_with_text_over.default\">\n\t\t\t\t<div class=\"elementor-widget-container\">\n\t\t\t\t\t<div class=\"q_image_with_text_over q_iwto_hover\"><div class=\"shader\" style=\"background-color: #02010100\"><\/div><div class=\"shader_hover\" style=\"background-color: #02010180\"><\/div><img decoding=\"async\" itemprop=\"image\" src=\"https:\/\/gestalterapeuta.com\/wp-content\/uploads\/2026\/08\/Taller-Marta-Borros-F-2.jpg\" alt=\"Fotograf\u00eda de Marta Borr\u00f3s en Taller de Iniciaci\u00f3n al Eneagrama\" \/><div class=\"text\"><table><tr><td><h3 class=\"caption no_icon\" style=\"\"><\/h3><\/td><\/tr><\/table><table><tr><td><div class=\"desc\"><\/div><\/td><\/tr><\/table><\/div><\/div>\t\t\t\t<\/div>\n\t\t\t\t<\/div>\n\t\t\t\t<div class=\"elementor-element elementor-element-16ddf59 elementor-widget elementor-widget-heading\" data-id=\"16ddf59\" data-element_type=\"widget\" data-e-type=\"widget\" data-widget_type=\"heading.default\">\n\t\t\t\t<div class=\"elementor-widget-container\">\n\t\t\t\t\t<h3 class=\"elementor-heading-title elementor-size-default\"> ACOMPANYAMENT PER A UN LIDERATGE TRANSFORMADOR<\/h3>\t\t\t\t<\/div>\n\t\t\t\t<\/div>\n\t\t\t\t<div class=\"elementor-element elementor-element-cf39e20 elementor-widget elementor-widget-text-editor\" data-id=\"cf39e20\" data-element_type=\"widget\" data-e-type=\"widget\" data-widget_type=\"text-editor.default\">\n\t\t\t\t<div class=\"elementor-widget-container\">\n\t\t\t\t\t\t\t\t\t<p>La formaci\u00f3 per a equips directius est\u00e0 dirigida a professionals que, a m\u00e9s de gestionar el funcionament d&#8217;un centre educatiu, tenen la responsabilitat d&#8217;acompanyar, coordinar i cuidar a les persones que formen part d&#8217;ell. Des d&#8217;una perspectiva humanista i gest\u00e0ltica, proposem espais de formaci\u00f3 i reflexi\u00f3 que permetin comprendre millor les din\u00e0miques dels equips, les diferents maneres de relacionar-se i les necessitats que apareixen en l&#8217;exercici del lideratge.<\/p>\n<p>Treballem l&#8217;Enneagrama aplicat a la gesti\u00f3 d&#8217;equips com una eina d&#8217;autoconeixement i comprensi\u00f3 dels diferents estils personals, afavorint la comunicaci\u00f3, la gesti\u00f3 de conflictes i unes relacions professionals m\u00e9s conscients. Al mateix temps, posem especial atenci\u00f3 en l&#8217;autocura dels qui lideren, abordant la gesti\u00f3 de l&#8217;energia, els l\u00edmits, la sobrec\u00e0rrega i el desgast emocional. Perqu\u00e8 cuidar un equip tamb\u00e9 requereix aprendre a cuidar-se i desenvolupar formes de lideratge m\u00e9s conscients, humanes i sostenibles.<\/p>\n\t\t\t\t\t\t\t\t<\/div>\n\t\t\t\t<\/div>\n\t\t\t\t<\/div>\n\t\t<div class=\"elementor-element elementor-element-a591ef5 e-con-full e-flex parallax_section_no qode_elementor_container_no e-con e-child\" data-id=\"a591ef5\" data-element_type=\"container\" data-e-type=\"container\">\n\t\t\t\t<div class=\"elementor-element elementor-element-ce16679 elementor-widget elementor-widget-bridge_image_with_text_over\" data-id=\"ce16679\" data-element_type=\"widget\" data-e-type=\"widget\" data-widget_type=\"bridge_image_with_text_over.default\">\n\t\t\t\t<div class=\"elementor-widget-container\">\n\t\t\t\t\t<div class=\"q_image_with_text_over q_iwto_hover\"><div class=\"shader\" style=\"background-color: #02010100\"><\/div><div class=\"shader_hover\" style=\"background-color: #02010180\"><\/div><img decoding=\"async\" itemprop=\"image\" src=\"https:\/\/gestalterapeuta.com\/wp-content\/uploads\/2026\/08\/Personal-de-administracio-y-servicios-centros-educativos-1.jpg\" alt=\"\" \/><div class=\"text\"><table><tr><td><h3 class=\"caption no_icon\" style=\"\"><\/h3><\/td><\/tr><\/table><table><tr><td><div class=\"desc\"><\/div><\/td><\/tr><\/table><\/div><\/div>\t\t\t\t<\/div>\n\t\t\t\t<\/div>\n\t\t\t\t<div class=\"elementor-element elementor-element-dc8158c elementor-widget elementor-widget-heading\" data-id=\"dc8158c\" data-element_type=\"widget\" data-e-type=\"widget\" data-widget_type=\"heading.default\">\n\t\t\t\t<div class=\"elementor-widget-container\">\n\t\t\t\t\t<h3 class=\"elementor-heading-title elementor-size-default\">ACOMPANYAMENT PER AL Personal d'Administraci\u00f3 i Serveis dels Centres Educatius<\/h3>\t\t\t\t<\/div>\n\t\t\t\t<\/div>\n\t\t\t\t<div class=\"elementor-element elementor-element-c3d0b30 elementor-widget elementor-widget-text-editor\" data-id=\"c3d0b30\" data-element_type=\"widget\" data-e-type=\"widget\" data-widget_type=\"text-editor.default\">\n\t\t\t\t<div class=\"elementor-widget-container\">\n\t\t\t\t\t\t\t\t\t<p>Treballar en un centre educatiu significa molt m\u00e9s que desenvolupar unes funcions concretes. El Personal d&#8217;Administraci\u00f3 i Serveis \u2014PAS\u2014 forma part del dia a dia de la comunitat educativa i, sovint, \u00e9s una de les primeres persones amb les quals entren en contacte alumnes, fam\u00edlies, professorat i altres professionals. Acompanyar a persones implica escoltar, respondre, gestionar demandes, sostenir moments de tensi\u00f3 i adaptar-se constantment a situacions diverses. I, enmig de tot aix\u00f2, qui acompanya tamb\u00e9 necessita ser acompanyat i cuidar-se.<\/p>\n<p>Aquest acompanyament neix amb la voluntat d&#8217;oferir un espai per a detenir-se, prendre consci\u00e8ncia de com estem treballant i relacionant-nos i incorporar eines que ens ajudin a cuidar-nos millor, tant individualment com dins del centre educatiu. No es tracta nom\u00e9s d&#8217;adquirir recursos professionals, sin\u00f3 tamb\u00e9 d&#8217;obrir un espai per a mirar-nos, comprendre&#8217;ns i revisar com ens situem davant les persones i les situacions que vivim cada dia.<\/p>\n\t\t\t\t\t\t\t\t<\/div>\n\t\t\t\t<\/div>\n\t\t\t\t<\/div>\n\t\t<div class=\"elementor-element elementor-element-9a8b08b e-con-full e-flex parallax_section_no qode_elementor_container_no e-con e-child\" data-id=\"9a8b08b\" data-element_type=\"container\" data-e-type=\"container\">\n\t\t\t\t<div class=\"elementor-element elementor-element-2ea92e0 elementor-widget elementor-widget-button\" data-id=\"2ea92e0\" data-element_type=\"widget\" data-e-type=\"widget\" data-widget_type=\"button.default\">\n\t\t\t\t<div class=\"elementor-widget-container\">\n\t\t\t\t\t\t\t\t\t<div class=\"elementor-button-wrapper\">\n\t\t\t\t\t<a class=\"elementor-button elementor-button-link elementor-size-sm\" href=\"https:\/\/gestalterapeuta.com\/wp-content\/uploads\/2026\/08\/ACOMPANYAMENT-PER-CUIDAR-QUI-EDUCA.pdf\" target=\"_blank\">\n\t\t\t\t\t\t<span class=\"elementor-button-content-wrapper\">\n\t\t\t\t\t\t\t\t\t<span class=\"elementor-button-text\">M\u00e9s informaci\u00f3 sobre la formaci\u00f3 del professorat<\/span>\n\t\t\t\t\t<\/span>\n\t\t\t\t\t<\/a>\n\t\t\t\t<\/div>\n\t\t\t\t\t\t\t\t<\/div>\n\t\t\t\t<\/div>\n\t\t\t\t<\/div>\n\t\t<div class=\"elementor-element elementor-element-44789db e-con-full e-flex parallax_section_no qode_elementor_container_no e-con e-child\" data-id=\"44789db\" data-element_type=\"container\" data-e-type=\"container\">\n\t\t\t\t<div class=\"elementor-element elementor-element-5be4190 elementor-widget elementor-widget-button\" data-id=\"5be4190\" data-element_type=\"widget\" data-e-type=\"widget\" data-widget_type=\"button.default\">\n\t\t\t\t<div class=\"elementor-widget-container\">\n\t\t\t\t\t\t\t\t\t<div class=\"elementor-button-wrapper\">\n\t\t\t\t\t<a class=\"elementor-button elementor-button-link elementor-size-sm\" href=\"https:\/\/gestalterapeuta.com\/wp-content\/uploads\/2026\/08\/ACOMPANYAMENT-PER-A-UN-LIDERATGE-TRANSFORMADOR.pdf\" target=\"_blank\">\n\t\t\t\t\t\t<span class=\"elementor-button-content-wrapper\">\n\t\t\t\t\t\t\t\t\t<span class=\"elementor-button-text\"> M\u00e9s informaci\u00f3 sobre formacions per a equips directius<\/span>\n\t\t\t\t\t<\/span>\n\t\t\t\t\t<\/a>\n\t\t\t\t<\/div>\n\t\t\t\t\t\t\t\t<\/div>\n\t\t\t\t<\/div>\n\t\t\t\t<\/div>\n\t\t<div class=\"elementor-element elementor-element-40e72a4 e-con-full e-flex parallax_section_no qode_elementor_container_no e-con e-child\" data-id=\"40e72a4\" data-element_type=\"container\" data-e-type=\"container\">\n\t\t\t\t<div class=\"elementor-element elementor-element-05f4545 elementor-widget elementor-widget-button\" data-id=\"05f4545\" data-element_type=\"widget\" data-e-type=\"widget\" data-widget_type=\"button.default\">\n\t\t\t\t<div class=\"elementor-widget-container\">\n\t\t\t\t\t\t\t\t\t<div class=\"elementor-button-wrapper\">\n\t\t\t\t\t<a class=\"elementor-button elementor-button-link elementor-size-sm\" href=\"https:\/\/gestalterapeuta.com\/wp-content\/uploads\/2026\/08\/ACOMPANYAMENT-AL-PAS-PERSONAL-DADMINISTRACIO-I-SERVEIS-DELS-CENTRES-EDUCATIUS.pdf\" target=\"_blank\">\n\t\t\t\t\t\t<span class=\"elementor-button-content-wrapper\">\n\t\t\t\t\t\t\t\t\t<span class=\"elementor-button-text\">M\u00e9s informaci\u00f3 PAS<\/span>\n\t\t\t\t\t<\/span>\n\t\t\t\t\t<\/a>\n\t\t\t\t<\/div>\n\t\t\t\t\t\t\t\t<\/div>\n\t\t\t\t<\/div>\n\t\t\t\t<\/div>\n\t\t\t\t\t<\/div>\n\t\t\t\t<\/div>\n\t\t<div class=\"elementor-element elementor-element-fd31de7 elementor-hidden-desktop e-flex e-con-boxed parallax_section_no qode_elementor_container_no e-con e-parent\" data-id=\"fd31de7\" data-element_type=\"container\" data-e-type=\"container\">\n\t\t\t\t\t<div class=\"e-con-inner\">\n\t\t<div class=\"elementor-element elementor-element-6656f88 e-con-full e-flex parallax_section_no qode_elementor_container_no e-con e-child\" data-id=\"6656f88\" data-element_type=\"container\" data-e-type=\"container\">\n\t\t\t\t<div class=\"elementor-element elementor-element-9adae05 elementor-widget elementor-widget-bridge_image_with_text_over\" data-id=\"9adae05\" data-element_type=\"widget\" data-e-type=\"widget\" data-widget_type=\"bridge_image_with_text_over.default\">\n\t\t\t\t<div class=\"elementor-widget-container\">\n\t\t\t\t\t<div class=\"q_image_with_text_over q_iwto_hover\"><div class=\"shader\" style=\"background-color: #02010100\"><\/div><div class=\"shader_hover\" style=\"background-color: #02010180\"><\/div><img decoding=\"async\" itemprop=\"image\" src=\"https:\/\/gestalterapeuta.com\/wp-content\/uploads\/2026\/08\/Tallers-Marta-Borros-D.jpg\" alt=\"Fotograf\u00eda de Marta Borr\u00f3s en Taller de escritura\" \/><div class=\"text\"><table><tr><td><h3 class=\"caption no_icon\" style=\"\"><\/h3><\/td><\/tr><\/table><table><tr><td><div class=\"desc\"><\/div><\/td><\/tr><\/table><\/div><\/div>\t\t\t\t<\/div>\n\t\t\t\t<\/div>\n\t\t\t\t<div class=\"elementor-element elementor-element-f52eb9a elementor-widget elementor-widget-heading\" data-id=\"f52eb9a\" data-element_type=\"widget\" data-e-type=\"widget\" data-widget_type=\"heading.default\">\n\t\t\t\t<div class=\"elementor-widget-container\">\n\t\t\t\t\t<h3 class=\"elementor-heading-title elementor-size-default\">ACOMPANYAMENT PER A CUIDAR A QUI EDUCA<\/h3>\t\t\t\t<\/div>\n\t\t\t\t<\/div>\n\t\t\t\t<div class=\"elementor-element elementor-element-2a405a2 elementor-widget elementor-widget-text-editor\" data-id=\"2a405a2\" data-element_type=\"widget\" data-e-type=\"widget\" data-widget_type=\"text-editor.default\">\n\t\t\t\t<div class=\"elementor-widget-container\">\n\t\t\t\t\t\t\t\t\t<p>La formaci\u00f3 per a docents est\u00e0 dirigida a professionals de Prim\u00e0ria, ESO, Batxillerat, CFGM, CFGS, Universitat i Centres d&#8217;Educaci\u00f3 Especial que vulguin ampliar els seus recursos personals i professionals per a afrontar els reptes quotidians de la pr\u00e0ctica educativa. La proposta combina una mirada humanista, gest\u00e0ltica i vivencial amb eines que permeten comprendre millor les necessitats de l&#8217;alumnat, les din\u00e0miques que es generen a l&#8217;aula i la pr\u00f2pia manera d&#8217;exercir el rol docent.<\/p>\n<p>Les formacions aborden diferents \u00e0mbits: l&#8217;Enneagrama i el perfil de l&#8217;alumnat, com a recurs per a comprendre diferents maneres d&#8217;aprendre, relacionar-se i afrontar les dificultats; la gesti\u00f3 de l&#8217;aula i dels vincles que s&#8217;estableixen en ella; l&#8217;Enneagrama aplicat a l&#8217;orientaci\u00f3 acad\u00e8mica i professional; i l&#8217;autocura dels docents, posant el focus en el benestar emocional, els l\u00edmits i la prevenci\u00f3 del desgast professional. L&#8217;objectiu \u00e9s oferir eines pr\u00e0ctiques i espais de reflexi\u00f3 que ajudin cada docent a desenvolupar una manera pr\u00f2pia, conscient i sostenible d&#8217;acompanyar a l&#8217;alumnat.<\/p>\n\t\t\t\t\t\t\t\t<\/div>\n\t\t\t\t<\/div>\n\t\t\t\t<div class=\"elementor-element elementor-element-26573e6 elementor-widget elementor-widget-button\" data-id=\"26573e6\" data-element_type=\"widget\" data-e-type=\"widget\" data-widget_type=\"button.default\">\n\t\t\t\t<div class=\"elementor-widget-container\">\n\t\t\t\t\t\t\t\t\t<div class=\"elementor-button-wrapper\">\n\t\t\t\t\t<a class=\"elementor-button elementor-button-link elementor-size-sm\" href=\"https:\/\/gestalterapeuta.com\/wp-content\/uploads\/2026\/08\/ACOMPANYAMENT-PER-CUIDAR-QUI-EDUCA.pdf\" target=\"_blank\">\n\t\t\t\t\t\t<span class=\"elementor-button-content-wrapper\">\n\t\t\t\t\t\t\t\t\t<span class=\"elementor-button-text\">M\u00e9s informaci\u00f3 sobre la formaci\u00f3 del professorat<\/span>\n\t\t\t\t\t<\/span>\n\t\t\t\t\t<\/a>\n\t\t\t\t<\/div>\n\t\t\t\t\t\t\t\t<\/div>\n\t\t\t\t<\/div>\n\t\t\t\t<\/div>\n\t\t<div class=\"elementor-element elementor-element-483dc99 e-con-full e-flex parallax_section_no qode_elementor_container_no e-con e-child\" data-id=\"483dc99\" data-element_type=\"container\" data-e-type=\"container\">\n\t\t\t\t<div class=\"elementor-element elementor-element-35e6a13 elementor-widget elementor-widget-bridge_image_with_text_over\" data-id=\"35e6a13\" data-element_type=\"widget\" data-e-type=\"widget\" data-widget_type=\"bridge_image_with_text_over.default\">\n\t\t\t\t<div class=\"elementor-widget-container\">\n\t\t\t\t\t<div class=\"q_image_with_text_over q_iwto_hover\"><div class=\"shader\" style=\"background-color: #02010100\"><\/div><div class=\"shader_hover\" style=\"background-color: #02010180\"><\/div><img decoding=\"async\" itemprop=\"image\" src=\"https:\/\/gestalterapeuta.com\/wp-content\/uploads\/2026\/08\/Taller-Marta-Borros-F-2.jpg\" alt=\"Fotograf\u00eda de Marta Borr\u00f3s en Taller de Iniciaci\u00f3n al Eneagrama\" \/><div class=\"text\"><table><tr><td><h3 class=\"caption no_icon\" style=\"\"><\/h3><\/td><\/tr><\/table><table><tr><td><div class=\"desc\"><\/div><\/td><\/tr><\/table><\/div><\/div>\t\t\t\t<\/div>\n\t\t\t\t<\/div>\n\t\t\t\t<div class=\"elementor-element elementor-element-9a9be33 elementor-widget elementor-widget-heading\" data-id=\"9a9be33\" data-element_type=\"widget\" data-e-type=\"widget\" data-widget_type=\"heading.default\">\n\t\t\t\t<div class=\"elementor-widget-container\">\n\t\t\t\t\t<h3 class=\"elementor-heading-title elementor-size-default\"> ACOMPANYAMENT PER A UN LIDERATGE TRANSFORMADOR<\/h3>\t\t\t\t<\/div>\n\t\t\t\t<\/div>\n\t\t\t\t<div class=\"elementor-element elementor-element-fb7a6a4 elementor-widget elementor-widget-text-editor\" data-id=\"fb7a6a4\" data-element_type=\"widget\" data-e-type=\"widget\" data-widget_type=\"text-editor.default\">\n\t\t\t\t<div class=\"elementor-widget-container\">\n\t\t\t\t\t\t\t\t\t<p>La formaci\u00f3 per a equips directius est\u00e0 dirigida a professionals que, a m\u00e9s de gestionar el funcionament d&#8217;un centre educatiu, tenen la responsabilitat d&#8217;acompanyar, coordinar i cuidar a les persones que formen part d&#8217;ell. Des d&#8217;una perspectiva humanista i gest\u00e0ltica, proposem espais de formaci\u00f3 i reflexi\u00f3 que permetin comprendre millor les din\u00e0miques dels equips, les diferents maneres de relacionar-se i les necessitats que apareixen en l&#8217;exercici del lideratge.<\/p>\n<p>Treballem l&#8217;Enneagrama aplicat a la gesti\u00f3 d&#8217;equips com una eina d&#8217;autoconeixement i comprensi\u00f3 dels diferents estils personals, afavorint la comunicaci\u00f3, la gesti\u00f3 de conflictes i unes relacions professionals m\u00e9s conscients. Al mateix temps, posem especial atenci\u00f3 en l&#8217;autocura dels qui lideren, abordant la gesti\u00f3 de l&#8217;energia, els l\u00edmits, la sobrec\u00e0rrega i el desgast emocional. Perqu\u00e8 cuidar un equip tamb\u00e9 requereix aprendre a cuidar-se i desenvolupar formes de lideratge m\u00e9s conscients, humanes i sostenibles.<\/p>\n\t\t\t\t\t\t\t\t<\/div>\n\t\t\t\t<\/div>\n\t\t\t\t<div class=\"elementor-element elementor-element-498c38e elementor-widget elementor-widget-button\" data-id=\"498c38e\" data-element_type=\"widget\" data-e-type=\"widget\" data-widget_type=\"button.default\">\n\t\t\t\t<div class=\"elementor-widget-container\">\n\t\t\t\t\t\t\t\t\t<div class=\"elementor-button-wrapper\">\n\t\t\t\t\t<a class=\"elementor-button elementor-button-link elementor-size-sm\" href=\"https:\/\/gestalterapeuta.com\/wp-content\/uploads\/2026\/08\/ACOMPANYAMENT-PER-A-UN-LIDERATGE-TRANSFORMADOR.pdf\" target=\"_blank\">\n\t\t\t\t\t\t<span class=\"elementor-button-content-wrapper\">\n\t\t\t\t\t\t\t\t\t<span class=\"elementor-button-text\"> M\u00e9s informaci\u00f3 sobre formacions per a equips directius<\/span>\n\t\t\t\t\t<\/span>\n\t\t\t\t\t<\/a>\n\t\t\t\t<\/div>\n\t\t\t\t\t\t\t\t<\/div>\n\t\t\t\t<\/div>\n\t\t\t\t<\/div>\n\t\t<div class=\"elementor-element elementor-element-beddedf e-con-full e-flex parallax_section_no qode_elementor_container_no e-con e-child\" data-id=\"beddedf\" data-element_type=\"container\" data-e-type=\"container\">\n\t\t\t\t<div class=\"elementor-element elementor-element-9fc050f elementor-widget elementor-widget-bridge_image_with_text_over\" data-id=\"9fc050f\" data-element_type=\"widget\" data-e-type=\"widget\" data-widget_type=\"bridge_image_with_text_over.default\">\n\t\t\t\t<div class=\"elementor-widget-container\">\n\t\t\t\t\t<div class=\"q_image_with_text_over q_iwto_hover\"><div class=\"shader\" style=\"background-color: #02010100\"><\/div><div class=\"shader_hover\" style=\"background-color: #02010180\"><\/div><img decoding=\"async\" itemprop=\"image\" src=\"https:\/\/gestalterapeuta.com\/wp-content\/uploads\/2026\/08\/Personal-de-administracio-y-servicios-centros-educativos-1.jpg\" alt=\"\" \/><div class=\"text\"><table><tr><td><h3 class=\"caption no_icon\" style=\"\"><\/h3><\/td><\/tr><\/table><table><tr><td><div class=\"desc\"><\/div><\/td><\/tr><\/table><\/div><\/div>\t\t\t\t<\/div>\n\t\t\t\t<\/div>\n\t\t\t\t<div class=\"elementor-element elementor-element-e669e6f elementor-widget elementor-widget-heading\" data-id=\"e669e6f\" data-element_type=\"widget\" data-e-type=\"widget\" data-widget_type=\"heading.default\">\n\t\t\t\t<div class=\"elementor-widget-container\">\n\t\t\t\t\t<h3 class=\"elementor-heading-title elementor-size-default\">ACOMPANYAMENT PER AL Personal d'Administraci\u00f3 i Serveis dels Centres Educatius<\/h3>\t\t\t\t<\/div>\n\t\t\t\t<\/div>\n\t\t\t\t<div class=\"elementor-element elementor-element-bb1fb4e elementor-widget elementor-widget-text-editor\" data-id=\"bb1fb4e\" data-element_type=\"widget\" data-e-type=\"widget\" data-widget_type=\"text-editor.default\">\n\t\t\t\t<div class=\"elementor-widget-container\">\n\t\t\t\t\t\t\t\t\t<p>Treballar en un centre educatiu significa molt m\u00e9s que desenvolupar unes funcions concretes. El Personal d&#8217;Administraci\u00f3 i Serveis \u2014PAS\u2014 forma part del dia a dia de la comunitat educativa i, sovint, \u00e9s una de les primeres persones amb les quals entren en contacte alumnes, fam\u00edlies, professorat i altres professionals. Acompanyar a persones implica escoltar, respondre, gestionar demandes, sostenir moments de tensi\u00f3 i adaptar-se constantment a situacions diverses. I, enmig de tot aix\u00f2, qui acompanya tamb\u00e9 necessita ser acompanyat i cuidar-se.<\/p>\n<p>Aquest acompanyament neix amb la voluntat d&#8217;oferir un espai per a detenir-se, prendre consci\u00e8ncia de com estem treballant i relacionant-nos i incorporar eines que ens ajudin a cuidar-nos millor, tant individualment com dins del centre educatiu. No es tracta nom\u00e9s d&#8217;adquirir recursos professionals, sin\u00f3 tamb\u00e9 d&#8217;obrir un espai per a mirar-nos, comprendre&#8217;ns i revisar com ens situem davant les persones i les situacions que vivim cada dia.<\/p>\n\t\t\t\t\t\t\t\t<\/div>\n\t\t\t\t<\/div>\n\t\t\t\t<div class=\"elementor-element elementor-element-4a8b1a4 elementor-widget elementor-widget-button\" data-id=\"4a8b1a4\" data-element_type=\"widget\" data-e-type=\"widget\" data-widget_type=\"button.default\">\n\t\t\t\t<div class=\"elementor-widget-container\">\n\t\t\t\t\t\t\t\t\t<div class=\"elementor-button-wrapper\">\n\t\t\t\t\t<a class=\"elementor-button elementor-button-link elementor-size-sm\" href=\"https:\/\/gestalterapeuta.com\/wp-content\/uploads\/2026\/08\/ACOMPANYAMENT-AL-PAS-PERSONAL-DADMINISTRACIO-I-SERVEIS-DELS-CENTRES-EDUCATIUS.pdf\" target=\"_blank\">\n\t\t\t\t\t\t<span class=\"elementor-button-content-wrapper\">\n\t\t\t\t\t\t\t\t\t<span class=\"elementor-button-text\">M\u00e9s informaci\u00f3 PAS<\/span>\n\t\t\t\t\t<\/span>\n\t\t\t\t\t<\/a>\n\t\t\t\t<\/div>\n\t\t\t\t\t\t\t\t<\/div>\n\t\t\t\t<\/div>\n\t\t\t\t<\/div>\n\t\t\t\t\t<\/div>\n\t\t\t\t<\/div>\n\t\t<div class=\"elementor-element elementor-element-a62b2b3 e-flex e-con-boxed parallax_section_no qode_elementor_container_no e-con e-parent\" data-id=\"a62b2b3\" data-element_type=\"container\" data-e-type=\"container\">\n\t\t\t\t\t<div class=\"e-con-inner\">\n\t\t\t\t<div class=\"elementor-element elementor-element-7830b52 elementor-widget elementor-widget-qi_addons_for_elementor_animated_text\" data-id=\"7830b52\" data-element_type=\"widget\" data-e-type=\"widget\" data-widget_type=\"qi_addons_for_elementor_animated_text.default\">\n\t\t\t\t<div class=\"elementor-widget-container\">\n\t\t\t\t\t<div class=\"qodef-shortcode qodef-m qodef-qi-animated-text qodef--alignment-center qodef-qi--has-appear qodef--appear-from-bottom\" >\n\t\t<p class=\"qodef-m-title\">\n\t\tMODALITATS I FORMATS\t<\/p>\n<\/div>\n\t\t\t\t<\/div>\n\t\t\t\t<\/div>\n\t\t\t\t<div class=\"elementor-element elementor-element-72d87c2 elementor-widget elementor-widget-qi_addons_for_elementor_process\" data-id=\"72d87c2\" data-element_type=\"widget\" data-e-type=\"widget\" data-widget_type=\"qi_addons_for_elementor_process.default\">\n\t\t\t\t<div class=\"elementor-widget-container\">\n\t\t\t\t\t<div class=\"qodef-shortcode qodef-m qodef-qi-process qodef-qi--has-appear qodef-qi-grid qodef-layout--qi-columns qodef-col-num--4 qodef-item-layout--horizontal qodef-responsive--predefined\">\n\t<div class=\"qodef-grid-inner\">\n\t\t<div class=\"qodef-e qodef-process-item qodef-grid-item elementor-repeater-item-4146005\">\n\t<div class=\"qodef-e-inner\">\n\t\t<div class=\"qodef-e-content\">\n\t\t\t<div class=\"qodef-e-icon-holder\">\n\t<div class=\"qodef-e-icon\">\n\t\t\t\t\t<span class=\"qodef-e-item-icon-text\">\n\t\t\t\t1.\t\t\t<\/span>\n\t\t\t<\/div>\n\t<div class=\"qodef-e-line\">\n\t\t<div class=\"qodef-e-line-inner\"><\/div>\n\t<\/div>\n<\/div>\n\t\t\t\t\t\t\t<p class=\"qodef-e-text\">\n\t\t Programes per a centres educatius (a demanda, adaptats al claustre)\t<\/p>\n\t\t<\/div>\n\t<\/div>\n<\/div>\n<div class=\"qodef-e qodef-process-item qodef-grid-item elementor-repeater-item-9222ef4\">\n\t<div class=\"qodef-e-inner\">\n\t\t<div class=\"qodef-e-content\">\n\t\t\t<div class=\"qodef-e-icon-holder\">\n\t<div class=\"qodef-e-icon\">\n\t\t\t\t\t<span class=\"qodef-e-item-icon-text\">\n\t\t\t\t2.\t\t\t<\/span>\n\t\t\t<\/div>\n\t<div class=\"qodef-e-line\">\n\t\t<div class=\"qodef-e-line-inner\"><\/div>\n\t<\/div>\n<\/div>\n\t\t\t\t\t\t\t<p class=\"qodef-e-text\">\n\t\tGrups d'acompanyament docent (mensuals o bimensuals)\t<\/p>\n\t\t<\/div>\n\t<\/div>\n<\/div>\n<div class=\"qodef-e qodef-process-item qodef-grid-item elementor-repeater-item-231d09e\">\n\t<div class=\"qodef-e-inner\">\n\t\t<div class=\"qodef-e-content\">\n\t\t\t<div class=\"qodef-e-icon-holder\">\n\t<div class=\"qodef-e-icon\">\n\t\t\t\t\t<span class=\"qodef-e-item-icon-text\">\n\t\t\t\t3.\t\t\t<\/span>\n\t\t\t<\/div>\n\t<div class=\"qodef-e-line\">\n\t\t<div class=\"qodef-e-line-inner\"><\/div>\n\t<\/div>\n<\/div>\n\t\t\t\t\t\t\t<p class=\"qodef-e-text\">\n\t\tTallers intensius tem\u00e0tics (gesti\u00f3 de l'aula, eneagrama aplicat a l'aula, l\u00edmits, motivaci\u00f3, vincles)\t<\/p>\n\t\t<\/div>\n\t<\/div>\n<\/div>\n<div class=\"qodef-e qodef-process-item qodef-grid-item elementor-repeater-item-64dcd7a\">\n\t<div class=\"qodef-e-inner\">\n\t\t<div class=\"qodef-e-content\">\n\t\t\t<div class=\"qodef-e-icon-holder\">\n\t<div class=\"qodef-e-icon\">\n\t\t\t\t\t<span class=\"qodef-e-item-icon-text\">\n\t\t\t\t4.\t\t\t<\/span>\n\t\t\t<\/div>\n\t<div class=\"qodef-e-line\">\n\t\t<div class=\"qodef-e-line-inner\"><\/div>\n\t<\/div>\n<\/div>\n\t\t\t\t\t\t\t<p class=\"qodef-e-text\">\n\t\t Sessions individuals d'acompanyament\t<\/p>\n\t\t<\/div>\n\t<\/div>\n<\/div>\n\t<\/div>\n<\/div>\n\t\t\t\t<\/div>\n\t\t\t\t<\/div>\n\t\t\t\t\t<\/div>\n\t\t\t\t<\/div>\n\t\t<div class=\"elementor-element elementor-element-89a56e6 e-flex e-con-boxed parallax_section_no qode_elementor_container_no e-con e-parent\" data-id=\"89a56e6\" data-element_type=\"container\" data-e-type=\"container\">\n\t\t\t\t\t<div class=\"e-con-inner\">\n\t\t\t\t<div class=\"elementor-element elementor-element-aa08a08 elementor-widget elementor-widget-qi_addons_for_elementor_animated_text\" data-id=\"aa08a08\" data-element_type=\"widget\" data-e-type=\"widget\" data-widget_type=\"qi_addons_for_elementor_animated_text.default\">\n\t\t\t\t<div class=\"elementor-widget-container\">\n\t\t\t\t\t<div class=\"qodef-shortcode qodef-m qodef-qi-animated-text qodef--alignment-center qodef-qi--has-appear qodef--appear-from-bottom\" >\n\t\t<p class=\"qodef-m-title\">\n\t\tACOMPANYAMENT AL DOCENT EN CADA ETAPA PROFESSIONAL\t<\/p>\n<\/div>\n\t\t\t\t<\/div>\n\t\t\t\t<\/div>\n\t\t\t\t\t<\/div>\n\t\t\t\t<\/div>\n\t\t<div class=\"elementor-element elementor-element-e1a45b9 elementor-hidden-tablet elementor-hidden-mobile e-flex e-con-boxed parallax_section_no qode_elementor_container_no e-con e-parent\" data-id=\"e1a45b9\" data-element_type=\"container\" data-e-type=\"container\">\n\t\t\t\t\t<div class=\"e-con-inner\">\n\t\t<div class=\"elementor-element elementor-element-a8da4cc e-con-full e-flex parallax_section_no qode_elementor_container_no e-con e-child\" data-id=\"a8da4cc\" data-element_type=\"container\" data-e-type=\"container\">\n\t\t\t\t<div class=\"elementor-element elementor-element-1afd35a elementor-widget elementor-widget-bridge_image_with_text_over\" data-id=\"1afd35a\" data-element_type=\"widget\" data-e-type=\"widget\" data-widget_type=\"bridge_image_with_text_over.default\">\n\t\t\t\t<div class=\"elementor-widget-container\">\n\t\t\t\t\t<div class=\"q_image_with_text_over q_iwto_hover\"><div class=\"shader\" style=\"background-color: #02010100\"><\/div><div class=\"shader_hover\" style=\"background-color: #0201018C\"><\/div><img decoding=\"async\" itemprop=\"image\" src=\"https:\/\/gestalterapeuta.com\/wp-content\/uploads\/2025\/07\/BP-docente-junior.jpg\" alt=\"Profesorado junior en formaci\u00f3n acompa\u00f1amiento\" \/><div class=\"text\"><table><tr><td><h3 class=\"caption no_icon\" style=\"\"><\/h3><\/td><\/tr><\/table><table><tr><td><div class=\"desc\"><p>Professorat en pr\u00e0ctiques o en el seu primer cicle docent (0-5 anys d'experi\u00e8ncia).Estudiants de graus o m\u00e0sters de formaci\u00f3 del professorat.<\/p><\/div><\/td><\/tr><\/table><\/div><\/div>\t\t\t\t<\/div>\n\t\t\t\t<\/div>\n\t\t\t\t<div class=\"elementor-element elementor-element-f7962bb elementor-widget elementor-widget-heading\" data-id=\"f7962bb\" data-element_type=\"widget\" data-e-type=\"widget\" data-widget_type=\"heading.default\">\n\t\t\t\t<div class=\"elementor-widget-container\">\n\t\t\t\t\t<h4 class=\"elementor-heading-title elementor-size-default\">ACOMPANYAMENT AL PROFESSORAT NOVELL O EN FORMACI\u00d3<\/h4>\t\t\t\t<\/div>\n\t\t\t\t<\/div>\n\t\t\t\t<div class=\"elementor-element elementor-element-f787f5b elementor-widget elementor-widget-text-editor\" data-id=\"f787f5b\" data-element_type=\"widget\" data-e-type=\"widget\" data-widget_type=\"text-editor.default\">\n\t\t\t\t<div class=\"elementor-widget-container\">\n\t\t\t\t\t\t\t\t\t<p><span style=\"font-weight: 400;\">Iniciar el cam\u00ed docent \u2014ja sigui en pr\u00e0ctiques, en els primers anys d&#8217;aula o encara en formaci\u00f3\u2014 \u00e9s una experi\u00e8ncia intensa i transformadora. No es tracta nom\u00e9s de con\u00e8ixer com funciona una escola\/ institut o el seu Projecte Educatiu de Centre (PEC), sin\u00f3 de preguntar-se: qui soc jo en aquest rol?<\/span><\/p>\n<p><span style=\"font-weight: 400;\">En aquest programa t&#8217;acompanyem a explorar la teva biografia emocional, la teva vocaci\u00f3 i les pors que et poden sorgir: la s\u00edndrome de l&#8217;impostor\/a, els l\u00edmits, all\u00f2 no dit. Parlem d&#8217;autocura, d&#8217;escolta activa, del valor de l&#8217;atenci\u00f3 plena i de trobar la teva pr\u00f2pia veu com a docent.<\/span><\/p>\n<p><span style=\"font-weight: 400;\">Cada dia \u00e9s diferent, cada aula \u00e9s un m\u00f3n. No hi ha una \u00fanica manera de ser-hi: tu hi sumes amb la teva pres\u00e8ncia i la teva manera de mirar. Aqu\u00ed podr\u00e0s recon\u00e8ixer-te com a part del centre, tancar cicles i cr\u00e9ixer acompanyat\/da, sabent que ets suficient i que ensenyar tamb\u00e9 \u00e9s aprendre a sostenir-se amb els altres.<\/span><\/p>\n\t\t\t\t\t\t\t\t<\/div>\n\t\t\t\t<\/div>\n\t\t\t\t<\/div>\n\t\t<div class=\"elementor-element elementor-element-226db75 e-con-full e-flex parallax_section_no qode_elementor_container_no e-con e-child\" data-id=\"226db75\" data-element_type=\"container\" data-e-type=\"container\">\n\t\t\t\t<div class=\"elementor-element elementor-element-0576331 elementor-widget elementor-widget-bridge_image_with_text_over\" data-id=\"0576331\" data-element_type=\"widget\" data-e-type=\"widget\" data-widget_type=\"bridge_image_with_text_over.default\">\n\t\t\t\t<div class=\"elementor-widget-container\">\n\t\t\t\t\t<div class=\"q_image_with_text_over q_iwto_hover\"><div class=\"shader\" style=\"background-color: #02010100\"><\/div><div class=\"shader_hover\" style=\"background-color: #02010180\"><\/div><img decoding=\"async\" itemprop=\"image\" src=\"https:\/\/gestalterapeuta.com\/wp-content\/uploads\/2025\/07\/BP-docente-junior-2.jpg\" alt=\"Profesorado junior en formaci\u00f3n acompa\u00f1amiento\" \/><div class=\"text\"><table><tr><td><h3 class=\"caption no_icon\" style=\"\"><\/h3><\/td><\/tr><\/table><table><tr><td><div class=\"desc\"> <p>Docents d'Infantil, Prim\u00e0ria, Secund\u00e0ria, Batxillerat i Universitat. Equips directius compromesos amb l'acompanyament intern.<\/p><\/div><\/td><\/tr><\/table><\/div><\/div>\t\t\t\t<\/div>\n\t\t\t\t<\/div>\n\t\t\t\t<div class=\"elementor-element elementor-element-326dd19 elementor-widget elementor-widget-heading\" data-id=\"326dd19\" data-element_type=\"widget\" data-e-type=\"widget\" data-widget_type=\"heading.default\">\n\t\t\t\t<div class=\"elementor-widget-container\">\n\t\t\t\t\t<h4 class=\"elementor-heading-title elementor-size-default\">ACOMPANYAMENT AL PROFESSORAT AMB EXPERI\u00c8NCIA<\/h4>\t\t\t\t<\/div>\n\t\t\t\t<\/div>\n\t\t\t\t<div class=\"elementor-element elementor-element-b4c6514 elementor-widget elementor-widget-text-editor\" data-id=\"b4c6514\" data-element_type=\"widget\" data-e-type=\"widget\" data-widget_type=\"text-editor.default\">\n\t\t\t\t<div class=\"elementor-widget-container\">\n\t\t\t\t\t\t\t\t\t<p><span style=\"font-weight: 400;\">Aquest programa tamb\u00e9 est\u00e0 pensat per a docents amb traject\u00f2ria: els qui han sostingut generacions, han travessat canvis i continuen dempeus. Sabem que l&#8217;experi\u00e8ncia no evita el desgast, per aix\u00f2 proposem espais de suport emocional, on compartir, descansar i reconnectar amb el sentit de la vocaci\u00f3.<\/span><\/p>\n<p><span style=\"font-weight: 400;\">Oferim acompanyament per tenir cura de l&#8217;energia, integrar els desafiaments i honrar la veu de l&#8217;experi\u00e8ncia. Recon\u00e8ixer all\u00f2 que s&#8217;ha viscut, agrair els \u00e8xits i obrir noves maneres d&#8217;estar a l&#8217;aula. Fins i tot quan s&#8217;acosta el relleu generacional, aquest tamb\u00e9 forma part del cam\u00ed.<\/span><\/p>\n<p><span style=\"font-weight: 400;\">Per als equips directius, facilitem propostes d&#8217;acompanyament intern, adaptades al context de cada centre. Perqu\u00e8 el benestar docent no \u00e9s un luxe, sin\u00f3 la base d&#8217;una educaci\u00f3 viva i sostenible.<\/span><\/p>\n<p><span style=\"font-weight: 400;\">Sostenir els qui eduquen \u00e9s sembrar futur. I el reconeixement tamb\u00e9 forma part de la cura.<\/span><\/p>\n\t\t\t\t\t\t\t\t<\/div>\n\t\t\t\t<\/div>\n\t\t\t\t<\/div>\n\t\t<div class=\"elementor-element elementor-element-0c99c65 e-con-full e-flex parallax_section_no qode_elementor_container_no e-con e-child\" data-id=\"0c99c65\" data-element_type=\"container\" data-e-type=\"container\">\n\t\t\t\t<div class=\"elementor-element elementor-element-1141a9f elementor-widget elementor-widget-bridge_image_with_text_over\" data-id=\"1141a9f\" data-element_type=\"widget\" data-e-type=\"widget\" data-widget_type=\"bridge_image_with_text_over.default\">\n\t\t\t\t<div class=\"elementor-widget-container\">\n\t\t\t\t\t<div class=\"q_image_with_text_over q_iwto_hover\"><div class=\"shader\" style=\"background-color: #02010100\"><\/div><div class=\"shader_hover\" style=\"background-color: #02010180\"><\/div><img decoding=\"async\" itemprop=\"image\" src=\"https:\/\/gestalterapeuta.com\/wp-content\/uploads\/2025\/07\/BP-docente-senior.jpg\" alt=\"Acompa\u00f1amiento a profesorado jubilaci\u00f3n\" \/><div class=\"text\"><table><tr><td><h3 class=\"caption no_icon\" style=\"\"><\/h3><\/td><\/tr><\/table><table><tr><td><div class=\"desc\"><p data-start=\"151\" data-end=\"360\">Docents en el final d'etapa professional.<\/p><\/div><\/td><\/tr><\/table><\/div><\/div>\t\t\t\t<\/div>\n\t\t\t\t<\/div>\n\t\t\t\t<div class=\"elementor-element elementor-element-3a686d4 elementor-widget elementor-widget-heading\" data-id=\"3a686d4\" data-element_type=\"widget\" data-e-type=\"widget\" data-widget_type=\"heading.default\">\n\t\t\t\t<div class=\"elementor-widget-container\">\n\t\t\t\t\t<h4 class=\"elementor-heading-title elementor-size-default\">ACOMPANYAMENT AL PROFESSORAT QUE ES JUBILA<\/h4>\t\t\t\t<\/div>\n\t\t\t\t<\/div>\n\t\t\t\t<div class=\"elementor-element elementor-element-27772da elementor-widget elementor-widget-text-editor\" data-id=\"27772da\" data-element_type=\"widget\" data-e-type=\"widget\" data-widget_type=\"text-editor.default\">\n\t\t\t\t<div class=\"elementor-widget-container\">\n\t\t\t\t\t\t\t\t\t<p><span style=\"font-weight: 400;\">El final de l&#8217;etapa docent \u00e9s tamb\u00e9 el tancament d&#8217;un cicle professional i vital. No \u00e9s nom\u00e9s deixar l&#8217;aula: \u00e9s deixar anar una identitat constru\u00efda durant anys, i fer-ho amb sentit, cura i pres\u00e8ncia.<\/span><\/p>\n<p><span style=\"font-weight: 400;\">Aquest acompanyament ofereix un espai per mirar enrere, integrar all\u00f2 que s&#8217;ha viscut i donar forma al llegat: aquella manera \u00fanica de ser, d&#8217;ensenyar i d&#8217;acompanyar. Perqu\u00e8 cada docent deixa una empremta, una manera de fer les coses que mereix ser reconeguda i, si es vol, transmesa a les noves generacions.<\/span><\/p>\n<p><span style=\"font-weight: 400;\">Molts professionals senten el desig d&#8217;orientar el professorat que comen\u00e7a, compartir els seus aprenentatges, tancar amb gratitud i consci\u00e8ncia. Aqu\u00ed s&#8217;honora aquesta transici\u00f3 com a part natural del cam\u00ed: ni retirada ni p\u00e8rdua, sin\u00f3 transformaci\u00f3.<\/span><\/p>\n<p><span style=\"font-weight: 400;\">La jubilaci\u00f3 es pot viure com un tr\u00e0nsit f\u00e8rtil si s&#8217;acompanya. I a L&#8217;Hivernacle, t&#8217;oferim suport per acomiadar-te des de l&#8217;autenticitat i la plenitud.<\/span><\/p>\n\t\t\t\t\t\t\t\t<\/div>\n\t\t\t\t<\/div>\n\t\t\t\t<\/div>\n\t\t\t\t\t<\/div>\n\t\t\t\t<\/div>\n\t\t<div class=\"elementor-element elementor-element-f23c2ab elementor-hidden-desktop e-flex e-con-boxed parallax_section_no qode_elementor_container_no e-con e-parent\" data-id=\"f23c2ab\" data-element_type=\"container\" data-e-type=\"container\">\n\t\t\t\t\t<div class=\"e-con-inner\">\n\t\t<div class=\"elementor-element elementor-element-626f88c e-con-full e-flex parallax_section_no qode_elementor_container_no e-con e-child\" data-id=\"626f88c\" data-element_type=\"container\" data-e-type=\"container\">\n\t\t\t\t<div class=\"elementor-element elementor-element-ab63c87 elementor-widget elementor-widget-bridge_image_with_text_over\" data-id=\"ab63c87\" data-element_type=\"widget\" data-e-type=\"widget\" data-widget_type=\"bridge_image_with_text_over.default\">\n\t\t\t\t<div class=\"elementor-widget-container\">\n\t\t\t\t\t<div class=\"q_image_with_text_over q_iwto_hover\"><div class=\"shader\" style=\"background-color: #02010100\"><\/div><div class=\"shader_hover\" style=\"background-color: #0201018C\"><\/div><img decoding=\"async\" itemprop=\"image\" src=\"https:\/\/gestalterapeuta.com\/wp-content\/uploads\/2025\/07\/BP-docente-junior.jpg\" alt=\"Profesorado junior en formaci\u00f3n acompa\u00f1amiento\" \/><div class=\"text\"><table><tr><td><h3 class=\"caption no_icon\" style=\"\"><\/h3><\/td><\/tr><\/table><table><tr><td><div class=\"desc\"><p>Professorat en pr\u00e0ctiques o en el seu primer cicle docent (0-5 anys d'experi\u00e8ncia).Estudiants de graus o m\u00e0sters de formaci\u00f3 del professorat.<\/p><\/div><\/td><\/tr><\/table><\/div><\/div>\t\t\t\t<\/div>\n\t\t\t\t<\/div>\n\t\t\t\t<div class=\"elementor-element elementor-element-384a7be elementor-widget elementor-widget-heading\" data-id=\"384a7be\" data-element_type=\"widget\" data-e-type=\"widget\" data-widget_type=\"heading.default\">\n\t\t\t\t<div class=\"elementor-widget-container\">\n\t\t\t\t\t<h4 class=\"elementor-heading-title elementor-size-default\"> ACOMPANYAMENT AL PROFESSORAT NOVELL O EN FORMACI\u00d3<\/h4>\t\t\t\t<\/div>\n\t\t\t\t<\/div>\n\t\t\t\t<div class=\"elementor-element elementor-element-0a0ecb3 elementor-widget elementor-widget-text-editor\" data-id=\"0a0ecb3\" data-element_type=\"widget\" data-e-type=\"widget\" data-widget_type=\"text-editor.default\">\n\t\t\t\t<div class=\"elementor-widget-container\">\n\t\t\t\t\t\t\t\t\t<p><span style=\"font-weight: 400;\">Iniciar el cam\u00ed docent \u2014ja sigui en pr\u00e0ctiques, en els primers anys d&#8217;aula o encara en formaci\u00f3\u2014 \u00e9s una experi\u00e8ncia intensa i transformadora. No es tracta nom\u00e9s de con\u00e8ixer com funciona una escola\/ institut o el seu Projecte Educatiu de Centre (PEC), sin\u00f3 de preguntar-se: qui soc jo en aquest rol?<\/span><\/p>\n<p><span style=\"font-weight: 400;\">En aquest programa t&#8217;acompanyem a explorar la teva biografia emocional, la teva vocaci\u00f3 i les pors que et poden sorgir: la s\u00edndrome de l&#8217;impostor\/a, els l\u00edmits, all\u00f2 no dit. Parlem d&#8217;autocura, d&#8217;escolta activa, del valor de l&#8217;atenci\u00f3 plena i de trobar la teva pr\u00f2pia veu com a docent.<\/span><\/p>\n<p><span style=\"font-weight: 400;\">Cada dia \u00e9s diferent, cada aula \u00e9s un m\u00f3n. No hi ha una \u00fanica manera de ser-hi: tu hi sumes amb la teva pres\u00e8ncia i la teva manera de mirar. Aqu\u00ed podr\u00e0s recon\u00e8ixer-te com a part del centre, tancar cicles i cr\u00e9ixer acompanyat\/da, sabent que ets suficient i que ensenyar tamb\u00e9 \u00e9s aprendre a sostenir-se amb els altres.<\/span><\/p>\n\t\t\t\t\t\t\t\t<\/div>\n\t\t\t\t<\/div>\n\t\t\t\t<\/div>\n\t\t<div class=\"elementor-element elementor-element-183da25 e-con-full e-flex parallax_section_no qode_elementor_container_no e-con e-child\" data-id=\"183da25\" data-element_type=\"container\" data-e-type=\"container\">\n\t\t\t\t<div class=\"elementor-element elementor-element-67ccb0e elementor-widget elementor-widget-bridge_image_with_text_over\" data-id=\"67ccb0e\" data-element_type=\"widget\" data-e-type=\"widget\" data-widget_type=\"bridge_image_with_text_over.default\">\n\t\t\t\t<div class=\"elementor-widget-container\">\n\t\t\t\t\t<div class=\"q_image_with_text_over q_iwto_hover\"><div class=\"shader\" style=\"background-color: #02010100\"><\/div><div class=\"shader_hover\" style=\"background-color: #02010180\"><\/div><img decoding=\"async\" itemprop=\"image\" src=\"https:\/\/gestalterapeuta.com\/wp-content\/uploads\/2025\/07\/BP-docente-junior-2.jpg\" alt=\"Profesorado junior en formaci\u00f3n acompa\u00f1amiento\" \/><div class=\"text\"><table><tr><td><h3 class=\"caption no_icon\" style=\"\"><\/h3><\/td><\/tr><\/table><table><tr><td><div class=\"desc\"> <p>Docents d'Infantil, Prim\u00e0ria, Secund\u00e0ria, Batxillerat i Universitat. Equips directius compromesos amb l'acompanyament intern.<\/p><\/div><\/td><\/tr><\/table><\/div><\/div>\t\t\t\t<\/div>\n\t\t\t\t<\/div>\n\t\t\t\t<div class=\"elementor-element elementor-element-8871f7e elementor-widget elementor-widget-heading\" data-id=\"8871f7e\" data-element_type=\"widget\" data-e-type=\"widget\" data-widget_type=\"heading.default\">\n\t\t\t\t<div class=\"elementor-widget-container\">\n\t\t\t\t\t<h4 class=\"elementor-heading-title elementor-size-default\">ACOMPANYAMENT AL PROFESSORAT AMB EXPERI\u00c8NCIA<\/h4>\t\t\t\t<\/div>\n\t\t\t\t<\/div>\n\t\t\t\t<div class=\"elementor-element elementor-element-f3f83a3 elementor-widget elementor-widget-text-editor\" data-id=\"f3f83a3\" data-element_type=\"widget\" data-e-type=\"widget\" data-widget_type=\"text-editor.default\">\n\t\t\t\t<div class=\"elementor-widget-container\">\n\t\t\t\t\t\t\t\t\t<p><span style=\"font-weight: 400;\">Aquest programa tamb\u00e9 est\u00e0 pensat per a docents amb traject\u00f2ria: els qui han sostingut generacions, han travessat canvis i continuen dempeus. Sabem que l&#8217;experi\u00e8ncia no evita el desgast, per aix\u00f2 proposem espais de suport emocional, on compartir, descansar i reconnectar amb el sentit de la vocaci\u00f3.<\/span><\/p>\n<p><span style=\"font-weight: 400;\">Oferim acompanyament per tenir cura de l&#8217;energia, integrar els desafiaments i honrar la veu de l&#8217;experi\u00e8ncia. Recon\u00e8ixer all\u00f2 que s&#8217;ha viscut, agrair els \u00e8xits i obrir noves maneres d&#8217;estar a l&#8217;aula. Fins i tot quan s&#8217;acosta el relleu generacional, aquest tamb\u00e9 forma part del cam\u00ed.<\/span><\/p>\n<p><span style=\"font-weight: 400;\">Per als equips directius, facilitem propostes d&#8217;acompanyament intern, adaptades al context de cada centre. Perqu\u00e8 el benestar docent no \u00e9s un luxe, sin\u00f3 la base d&#8217;una educaci\u00f3 viva i sostenible.<\/span><\/p>\n<p><span style=\"font-weight: 400;\">Sostenir els qui eduquen \u00e9s sembrar futur. I el reconeixement tamb\u00e9 forma part de la cura.<\/span><\/p>\n\t\t\t\t\t\t\t\t<\/div>\n\t\t\t\t<\/div>\n\t\t\t\t<\/div>\n\t\t<div class=\"elementor-element elementor-element-06bc6cf e-con-full e-flex parallax_section_no qode_elementor_container_no e-con e-child\" data-id=\"06bc6cf\" data-element_type=\"container\" data-e-type=\"container\">\n\t\t\t\t<div class=\"elementor-element elementor-element-2bc52fb elementor-widget elementor-widget-bridge_image_with_text_over\" data-id=\"2bc52fb\" data-element_type=\"widget\" data-e-type=\"widget\" data-widget_type=\"bridge_image_with_text_over.default\">\n\t\t\t\t<div class=\"elementor-widget-container\">\n\t\t\t\t\t<div class=\"q_image_with_text_over q_iwto_hover\"><div class=\"shader\" style=\"background-color: #02010100\"><\/div><div class=\"shader_hover\" style=\"background-color: #02010180\"><\/div><img decoding=\"async\" itemprop=\"image\" src=\"https:\/\/gestalterapeuta.com\/wp-content\/uploads\/2025\/07\/BP-docente-senior.jpg\" alt=\"Acompa\u00f1amiento a profesorado jubilaci\u00f3n\" \/><div class=\"text\"><table><tr><td><h3 class=\"caption no_icon\" style=\"\"><\/h3><\/td><\/tr><\/table><table><tr><td><div class=\"desc\"><p data-start=\"151\" data-end=\"360\">Docents en el final d'etapa professional.<\/p><\/div><\/td><\/tr><\/table><\/div><\/div>\t\t\t\t<\/div>\n\t\t\t\t<\/div>\n\t\t\t\t<\/div>\n\t\t<div class=\"elementor-element elementor-element-8cbfd34 e-con-full e-flex parallax_section_no qode_elementor_container_no e-con e-child\" data-id=\"8cbfd34\" data-element_type=\"container\" data-e-type=\"container\">\n\t\t\t\t<div class=\"elementor-element elementor-element-8aa2c85 elementor-widget elementor-widget-heading\" data-id=\"8aa2c85\" data-element_type=\"widget\" data-e-type=\"widget\" data-widget_type=\"heading.default\">\n\t\t\t\t<div class=\"elementor-widget-container\">\n\t\t\t\t\t<h4 class=\"elementor-heading-title elementor-size-default\">ACOMPANYAMENT AL PROFESSORAT QUE ES JUBILA<\/h4>\t\t\t\t<\/div>\n\t\t\t\t<\/div>\n\t\t\t\t<div class=\"elementor-element elementor-element-de7bedb elementor-widget elementor-widget-text-editor\" data-id=\"de7bedb\" data-element_type=\"widget\" data-e-type=\"widget\" data-widget_type=\"text-editor.default\">\n\t\t\t\t<div class=\"elementor-widget-container\">\n\t\t\t\t\t\t\t\t\t<p><span style=\"font-weight: 400;\">El final de l&#8217;etapa docent \u00e9s tamb\u00e9 el tancament d&#8217;un cicle professional i vital. No \u00e9s nom\u00e9s deixar l&#8217;aula: \u00e9s deixar anar una identitat constru\u00efda durant anys, i fer-ho amb sentit, cura i pres\u00e8ncia.<\/span><\/p>\n<p><span style=\"font-weight: 400;\">Aquest acompanyament ofereix un espai per mirar enrere, integrar all\u00f2 que s&#8217;ha viscut i donar forma al llegat: aquella manera \u00fanica de ser, d&#8217;ensenyar i d&#8217;acompanyar. Perqu\u00e8 cada docent deixa una empremta, una manera de fer les coses que mereix ser reconeguda i, si es vol, transmesa a les noves generacions.<\/span><\/p>\n<p><span style=\"font-weight: 400;\">Molts professionals senten el desig d&#8217;orientar el professorat que comen\u00e7a, compartir els seus aprenentatges, tancar amb gratitud i consci\u00e8ncia. Aqu\u00ed s&#8217;honora aquesta transici\u00f3 com a part natural del cam\u00ed: ni retirada ni p\u00e8rdua, sin\u00f3 transformaci\u00f3.<\/span><\/p>\n<p><span style=\"font-weight: 400;\">La jubilaci\u00f3 es pot viure com un tr\u00e0nsit f\u00e8rtil si s&#8217;acompanya. I a L&#8217;Hivernacle, t&#8217;oferim suport per acomiadar-te des de l&#8217;autenticitat i la plenitud.<\/span><\/p>\n\t\t\t\t\t\t\t\t<\/div>\n\t\t\t\t<\/div>\n\t\t\t\t<\/div>\n\t\t\t\t\t<\/div>\n\t\t\t\t<\/div>\n\t\t<div class=\"elementor-element elementor-element-853cb6b e-flex e-con-boxed parallax_section_no qode_elementor_container_no e-con e-parent\" data-id=\"853cb6b\" data-element_type=\"container\" data-e-type=\"container\" data-settings=\"{&quot;background_background&quot;:&quot;classic&quot;}\">\n\t\t\t\t\t<div class=\"e-con-inner\">\n\t\t<div class=\"elementor-element elementor-element-c113757 e-con-full e-flex parallax_section_no qode_elementor_container_no e-con e-child\" data-id=\"c113757\" data-element_type=\"container\" data-e-type=\"container\">\n\t\t\t\t<div class=\"elementor-element elementor-element-1dc7abb elementor-widget elementor-widget-qi_addons_for_elementor_animated_text\" data-id=\"1dc7abb\" data-element_type=\"widget\" data-e-type=\"widget\" data-widget_type=\"qi_addons_for_elementor_animated_text.default\">\n\t\t\t\t<div class=\"elementor-widget-container\">\n\t\t\t\t\t<div class=\"qodef-shortcode qodef-m qodef-qi-animated-text qodef--alignment-center qodef-qi--has-appear qodef--appear-from-bottom\" >\n\t\t<p class=\"qodef-m-title\">\n\t\tOBJECTIUS DELS PROGRAMES\t<\/p>\n<\/div>\n\t\t\t\t<\/div>\n\t\t\t\t<\/div>\n\t\t\t\t<div class=\"elementor-element elementor-element-345230c elementor-widget elementor-widget-qi_addons_for_elementor_item_showcase\" data-id=\"345230c\" data-element_type=\"widget\" data-e-type=\"widget\" data-widget_type=\"qi_addons_for_elementor_item_showcase.default\">\n\t\t\t\t<div class=\"elementor-widget-container\">\n\t\t\t\t\t<div class=\"qodef-shortcode qodef-m qodef-qi-item-showcase qodef-layout--side-icon qodef-qi--has-appear\">\n\t<div class=\"qodef-m-items qodef--left\">\n\t\t<div class=\"qodef-m-item qodef-e\">\n\t<div class=\"qodef-e-side-holder\">\n\t\t\t<\/div>\n\t<div class=\"qodef-e-content-holder\">\n\t\t\t<h4 class=\"qodef-e-title\">\n\t INTEGRACI\u00d3 \t<\/h4>\n\t\t\t<p class=\"qodef-e-text\">Facilitar la integraci\u00f3 del professorat novell en el centre educatiu i en el seu entorn laboral.<\/p>\n\t\t<\/div>\n<\/div>\n<div class=\"qodef-m-item qodef-e\">\n\t<div class=\"qodef-e-side-holder\">\n\t\t\t<\/div>\n\t<div class=\"qodef-e-content-holder\">\n\t\t\t<h4 class=\"qodef-e-title\">\n\t DESENVOLUPAMENT \t<\/h4>\n\t\t\t<p class=\"qodef-e-text\">Acompanyar el desenvolupament pedag\u00f2gic i metodol\u00f2gic del futur professorat.<\/p>\n\t\t<\/div>\n<\/div>\n<div class=\"qodef-m-item qodef-e\">\n\t<div class=\"qodef-e-side-holder\">\n\t\t\t<\/div>\n\t<div class=\"qodef-e-content-holder\">\n\t\t\t<h4 class=\"qodef-e-title\">\n\t SUPORT \t<\/h4>\n\t\t\t<p class=\"qodef-e-text\">Proporcionar suport emocional i estrat\u00e8gies de gesti\u00f3 de l'estr\u00e8s per als primers anys d'experi\u00e8ncia docent.<\/p>\n\t\t<\/div>\n<\/div>\n\t<\/div>\n\t\t<div class=\"qodef-m-image\">\n\t\t<img fetchpriority=\"high\" decoding=\"async\" width=\"400\" height=\"151\" src=\"https:\/\/gestalterapeuta.com\/wp-content\/uploads\/2025\/06\/LOGO-LHivernacle-FONS-CLAR-300-1.png\" class=\"attachment-full size-full\" alt=\"Logotipo L&#039;Hivernacle\" srcset=\"https:\/\/gestalterapeuta.com\/wp-content\/uploads\/2025\/06\/LOGO-LHivernacle-FONS-CLAR-300-1.png 400w, https:\/\/gestalterapeuta.com\/wp-content\/uploads\/2025\/06\/LOGO-LHivernacle-FONS-CLAR-300-1-300x113.png 300w\" sizes=\"(max-width: 400px) 100vw, 400px\" \/>\t<\/div>\n\t<div class=\"qodef-m-items qodef--right\">\n\t\t<div class=\"qodef-m-item qodef-e\">\n\t<div class=\"qodef-e-side-holder\">\n\t\t\t<\/div>\n\t<div class=\"qodef-e-content-holder\">\n\t\t\t<h4 class=\"qodef-e-title\">\n\t REFLEXI\u00d3 \t<\/h4>\n\t\t\t<p class=\"qodef-e-text\">Fomentar la reflexi\u00f3 sobre la pr\u00e0ctica docent a trav\u00e9s de l'an\u00e0lisi d'experi\u00e8ncies, la retroalimentaci\u00f3 i el di\u00e0leg amb altres docents.<\/p>\n\t\t<\/div>\n<\/div>\n<div class=\"qodef-m-item qodef-e\">\n\t<div class=\"qodef-e-side-holder\">\n\t\t\t<\/div>\n\t<div class=\"qodef-e-content-holder\">\n\t\t\t<h4 class=\"qodef-e-title\">\n\t CREACI\u00d3 \t<\/h4>\n\t\t\t<p class=\"qodef-e-text\">Crear un espai segur de reflexi\u00f3, aprenentatge i suport mutu.<\/p>\n\t\t<\/div>\n<\/div>\n<div class=\"qodef-m-item qodef-e\">\n\t<div class=\"qodef-e-side-holder\">\n\t\t\t<\/div>\n\t<div class=\"qodef-e-content-holder\">\n\t\t\t<h4 class=\"qodef-e-title\">\n\t ROL DOCENT \t<\/h4>\n\t\t\t<p class=\"qodef-e-text\">Fomentar la conciencia plena, la responsabilidad personal y la autenticidad en el rol docente.<\/p>\n\t\t<\/div>\n<\/div>\n\t<\/div>\n<\/div>\n\t\t\t\t<\/div>\n\t\t\t\t<\/div>\n\t\t\t\t<\/div>\n\t\t\t\t\t<\/div>\n\t\t\t\t<\/div>\n\t\t<div class=\"elementor-element elementor-element-4786f7e parallax_section_holder e-flex e-con-boxed qode_elementor_container_no e-con e-parent\" data-id=\"4786f7e\" data-element_type=\"container\" data-e-type=\"container\" data-settings=\"{&quot;background_background&quot;:&quot;classic&quot;,&quot;qode_parallax_image&quot;:{&quot;url&quot;:&quot;&quot;,&quot;id&quot;:&quot;&quot;,&quot;size&quot;:&quot;&quot;}}\">\n\t\t\t\t\t<div class=\"e-con-inner\">\n\t\t<div class=\"elementor-element elementor-element-135382b e-con-full e-flex parallax_section_no qode_elementor_container_no e-con e-child\" data-id=\"135382b\" data-element_type=\"container\" data-e-type=\"container\">\n\t\t\t\t<div class=\"elementor-element elementor-element-0a3ed6a elementor-widget elementor-widget-text-editor\" data-id=\"0a3ed6a\" data-element_type=\"widget\" data-e-type=\"widget\" data-widget_type=\"text-editor.default\">\n\t\t\t\t<div class=\"elementor-widget-container\">\n\t\t\t\t\t\t\t\t\t<p><span style=\"font-weight: 400;\">Ensenyar tamb\u00e9 implica sostenir-se, escoltar-se i cr\u00e9ixer amb els altres. Aquest espai \u00e9s per a tu.<\/span><\/p>\n\t\t\t\t\t\t\t\t<\/div>\n\t\t\t\t<\/div>\n\t\t\t\t<\/div>\n\t\t<div class=\"elementor-element elementor-element-3dee98d e-con-full e-flex parallax_section_no qode_elementor_container_no e-con e-child\" data-id=\"3dee98d\" data-element_type=\"container\" data-e-type=\"container\">\n\t\t\t\t<div class=\"elementor-element elementor-element-2c7febd elementor-widget elementor-widget-heading\" data-id=\"2c7febd\" data-element_type=\"widget\" data-e-type=\"widget\" data-widget_type=\"heading.default\">\n\t\t\t\t<div class=\"elementor-widget-container\">\n\t\t\t\t\t<p class=\"elementor-heading-title elementor-size-default\"><a href=\"https:\/\/gestalterapeuta.com\/ca\/contacte\/\">T'acompanyem a construir el teu cam\u00ed docent amb pres\u00e8ncia, cura i sentit. Modalitats i formats<\/a><\/p>\t\t\t\t<\/div>\n\t\t\t\t<\/div>\n\t\t\t\t<\/div>\n\t\t<div class=\"elementor-element elementor-element-fb0245a e-con-full e-flex parallax_section_no qode_elementor_container_no e-con e-child\" data-id=\"fb0245a\" data-element_type=\"container\" data-e-type=\"container\">\n\t\t\t\t<div class=\"elementor-element elementor-element-5355c28 elementor-widget elementor-widget-button\" data-id=\"5355c28\" data-element_type=\"widget\" data-e-type=\"widget\" data-widget_type=\"button.default\">\n\t\t\t\t<div class=\"elementor-widget-container\">\n\t\t\t\t\t\t\t\t\t<div class=\"elementor-button-wrapper\">\n\t\t\t\t\t<a class=\"elementor-button elementor-button-link elementor-size-sm\" href=\"https:\/\/gestalterapeuta.com\/ca\/contacte\/\">\n\t\t\t\t\t\t<span class=\"elementor-button-content-wrapper\">\n\t\t\t\t\t\t\t\t\t<span class=\"elementor-button-text\">Contacta<\/span>\n\t\t\t\t\t<\/span>\n\t\t\t\t\t<\/a>\n\t\t\t\t<\/div>\n\t\t\t\t\t\t\t\t<\/div>\n\t\t\t\t<\/div>\n\t\t\t\t<\/div>\n\t\t\t\t\t<\/div>\n\t\t\t\t<\/div>\n\t\t<div class=\"elementor-element elementor-element-583431f e-flex e-con-boxed parallax_section_no qode_elementor_container_no e-con e-parent\" data-id=\"583431f\" data-element_type=\"container\" data-e-type=\"container\" data-settings=\"{&quot;background_background&quot;:&quot;classic&quot;}\">\n\t\t\t\t\t<div class=\"e-con-inner\">\n\t\t\t\t<div class=\"elementor-element elementor-element-9de1a2d elementor-widget elementor-widget-qi_addons_for_elementor_animated_text\" data-id=\"9de1a2d\" data-element_type=\"widget\" data-e-type=\"widget\" data-widget_type=\"qi_addons_for_elementor_animated_text.default\">\n\t\t\t\t<div class=\"elementor-widget-container\">\n\t\t\t\t\t<div class=\"qodef-shortcode qodef-m qodef-qi-animated-text qodef--alignment-center qodef-qi--has-appear qodef--appear-from-bottom\" >\n\t\t<p class=\"qodef-m-title\">\n\t\tTESTIMONIS\t<\/p>\n<\/div>\n\t\t\t\t<\/div>\n\t\t\t\t<\/div>\n\t\t\t\t<div class=\"elementor-element elementor-element-0b78c06 elementor-widget elementor-widget-bridge_testimonials\" data-id=\"0b78c06\" data-element_type=\"widget\" data-e-type=\"widget\" data-widget_type=\"bridge_testimonials.default\">\n\t\t\t\t<div class=\"elementor-widget-container\">\n\t\t\t\t\t<div class='testimonials_holder clearfix dark'><div class=\"testimonials testimonials_carousel\" data-show-navigation=\"yes\" data-animation-type=\"slide\" data-animation-speed=\"\" data-auto-rotate-slides=\"3\" data-number-per-slide=\"1\"><ul class=\"slides\"><li id=\"testimonials1873\" class=\"testimonial_content\"><div class=\"testimonial_content_inner\"><div class=\"testimonial_text_holder\"><div class=\"testimonial_text_inner\" style=\"color: #59691F;\"><p style=\"color:#59691F\">Lo que m\u00e1s define a Marta es su entusiasmo, una fuerza vital que est\u00e1 presente en todo lo que hace. Este impulso genuino la impulsa a acompa\u00f1ar con presencia y calidez. Tengo la suerte de que sea mi amiga y colega. Esferas, tanto la personal como la profesional, en las que he podido presenciar su habilidad para transformar momentos de malestar en espacios de conciencia y posibilidad.<\/p><p class=\"testimonial_author\" style=\"color: #59691F;color: #533C33;font-size: 22px;\">M\u00f3nica Vall\u00edn<\/p><\/div><\/div><\/div><\/li><li id=\"testimonials1874\" class=\"testimonial_content\"><div class=\"testimonial_content_inner\"><div class=\"testimonial_text_holder\"><div class=\"testimonial_text_inner\" style=\"color: #59691F;\"><p style=\"color:#59691F\">Como profesora, tiene una forma de mirar que te detiene, como si viera m\u00e1s all\u00e1 de lo que dices. Con una presencia c\u00e1lida y valiente, acompa\u00f1a desde el respeto y la verdad, ayud\u00e1ndote a entenderte y haciendo posible avanzar.<\/p><p class=\"testimonial_author\" style=\"color: #59691F;color: #533C33;font-size: 22px;\">Vanesa Ferreres<\/p><\/div><\/div><\/div><\/li><li id=\"testimonials1875\" class=\"testimonial_content\"><div class=\"testimonial_content_inner\"><div class=\"testimonial_text_holder\"><div class=\"testimonial_text_inner\" style=\"color: #59691F;\"><p style=\"color:#59691F\">Marta pone la mirada en el ritmo de la persona: como se mueve, como respira y como late. Por lo que el acompa\u00f1amiento que puede ofrecer es aut\u00e9ntico, arraigado, esencial y personalizado.<\/p><p class=\"testimonial_author\" style=\"color: #59691F;color: #533C33;font-size: 22px;\">Laura Garc\u00eda<\/p><\/div><\/div><\/div><\/li><\/ul><\/div><\/div>\t\t\t\t<\/div>\n\t\t\t\t<\/div>\n\t\t\t\t\t<\/div>\n\t\t\t\t<\/div>\n\t\t<div class=\"elementor-element elementor-element-850e658 e-con-full e-flex parallax_section_no qode_elementor_container_no e-con e-parent\" data-id=\"850e658\" data-element_type=\"container\" data-e-type=\"container\" data-settings=\"{&quot;background_background&quot;:&quot;classic&quot;}\">\n\t\t\t\t<div class=\"elementor-element elementor-element-fd7229d elementor-widget elementor-widget-qi_addons_for_elementor_animated_text\" data-id=\"fd7229d\" data-element_type=\"widget\" data-e-type=\"widget\" data-widget_type=\"qi_addons_for_elementor_animated_text.default\">\n\t\t\t\t<div class=\"elementor-widget-container\">\n\t\t\t\t\t<div class=\"qodef-shortcode qodef-m qodef-qi-animated-text qodef--alignment-center qodef-qi--has-appear qodef--appear-from-bottom\" >\n\t\t<p class=\"qodef-m-title\">\n\t\tPER QU\u00c8 DES DE L'Hivernacle?\t<\/p>\n<\/div>\n\t\t\t\t<\/div>\n\t\t\t\t<\/div>\n\t\t<div class=\"elementor-element elementor-element-46306dd e-flex e-con-boxed parallax_section_no qode_elementor_container_no e-con e-child\" data-id=\"46306dd\" data-element_type=\"container\" data-e-type=\"container\">\n\t\t\t\t\t<div class=\"e-con-inner\">\n\t\t<div class=\"elementor-element elementor-element-48a9228 e-grid e-con-full parallax_section_no qode_elementor_container_no e-con e-child\" data-id=\"48a9228\" data-element_type=\"container\" data-e-type=\"container\">\n\t\t\t\t<div class=\"elementor-element elementor-element-e0d6594 elementor-widget elementor-widget-image\" data-id=\"e0d6594\" data-element_type=\"widget\" data-e-type=\"widget\" data-widget_type=\"image.default\">\n\t\t\t\t<div class=\"elementor-widget-container\">\n\t\t\t\t\t\t\t\t\t\t\t\t\t\t\t<img decoding=\"async\" width=\"800\" height=\"800\" src=\"https:\/\/gestalterapeuta.com\/wp-content\/uploads\/2025\/08\/Profesorado-2.jpg\" class=\"attachment-large size-large wp-image-1736\" alt=\"Acompa\u00f1amiento a profesorado Marta Borr\u00f3s\" srcset=\"https:\/\/gestalterapeuta.com\/wp-content\/uploads\/2025\/08\/Profesorado-2.jpg 800w, https:\/\/gestalterapeuta.com\/wp-content\/uploads\/2025\/08\/Profesorado-2-300x300.jpg 300w, https:\/\/gestalterapeuta.com\/wp-content\/uploads\/2025\/08\/Profesorado-2-150x150.jpg 150w, https:\/\/gestalterapeuta.com\/wp-content\/uploads\/2025\/08\/Profesorado-2-768x768.jpg 768w, https:\/\/gestalterapeuta.com\/wp-content\/uploads\/2025\/08\/Profesorado-2-570x570.jpg 570w, https:\/\/gestalterapeuta.com\/wp-content\/uploads\/2025\/08\/Profesorado-2-500x500.jpg 500w, https:\/\/gestalterapeuta.com\/wp-content\/uploads\/2025\/08\/Profesorado-2-700x700.jpg 700w, https:\/\/gestalterapeuta.com\/wp-content\/uploads\/2025\/08\/Profesorado-2-650x650.jpg 650w\" sizes=\"(max-width: 800px) 100vw, 800px\" \/>\t\t\t\t\t\t\t\t\t\t\t\t\t\t\t<\/div>\n\t\t\t\t<\/div>\n\t\t<div class=\"elementor-element elementor-element-ca518d9 e-con-full e-flex parallax_section_no qode_elementor_container_no e-con e-child\" data-id=\"ca518d9\" data-element_type=\"container\" data-e-type=\"container\">\n\t\t\t\t<div class=\"elementor-element elementor-element-0dcebee elementor-widget elementor-widget-text-editor\" data-id=\"0dcebee\" data-element_type=\"widget\" data-e-type=\"widget\" data-widget_type=\"text-editor.default\">\n\t\t\t\t<div class=\"elementor-widget-container\">\n\t\t\t\t\t\t\t\t\t<p><span style=\"font-weight: 400;\">Durant anys, el focus ha estat posat en el benestar de l&#8217;alumnat. Per\u00f2, qui cuida els qui cuiden? A L&#8217;Hivernacle creiem que el desenvolupament professional docent nom\u00e9s \u00e9s possible si es fonamenta en la cura personal. Per aix\u00f2, posem l&#8217;autocura del professorat al centre de la nostra proposta.<\/span><\/p>\n<p><span style=\"font-weight: 400;\">Acompanyem els qui eduquen, siguin on siguin en el seu cam\u00ed: en els primers passos, travessant el desgast dels anys, o tancant el seu cicle professional. Perqu\u00e8 ensenyar tamb\u00e9 implica escoltar-se, cuidar-se i cr\u00e9ixer amb els altres.<\/span><\/p>\n<p><span style=\"font-weight: 400;\">Oferim un espai on compartir l&#8217;experi\u00e8ncia docent des d&#8217;un enfocament vivencial, gest\u00e0ltic i hum\u00e0. Un lloc on parlar del que no sempre es diu: el cansament, la solitud, les pors, la necessitat de parar.<\/span><\/p>\n<p><span style=\"font-weight: 400;\">Aqu\u00ed, el benestar del professorat no \u00e9s un afegit, \u00e9s el punt de partida.<\/span><\/p>\n<p><span style=\"font-weight: 400;\">Aquest espai \u00e9s per a tu.<\/span><\/p>\n\t\t\t\t\t\t\t\t<\/div>\n\t\t\t\t<\/div>\n\t\t\t\t<\/div>\n\t\t\t\t<\/div>\n\t\t\t\t\t<\/div>\n\t\t\t\t<\/div>\n\t\t\t\t<\/div>\n\t\t\t\t<\/div>\n\t\t","protected":false},"excerpt":{"rendered":"<p>PROGRAMES D&#8217;ACOMPANYAMENT I DESENVOLUPAMENT PER L&#8217;ALUMNAT I PROFESSIONALS DE LA COMUNITAT EDUCATIVA Enfocament des de la ter\u00e0pia Gestalt per a la integraci\u00f3, el suport emocional i el desenvolupament professional. L&#8217;Hivernacle, un espai de trobada, suport i reflexi\u00f3 de la pr\u00e0ctica docent i l&#8217;aprenentatge compartit. Aprofundir&#8230;<\/p>\n","protected":false},"author":2,"featured_media":1735,"parent":0,"menu_order":0,"comment_status":"closed","ping_status":"closed","template":"full_width.php","meta":{"_monsterinsights_skip_tracking":false,"footnotes":""},"class_list":["post-1845","page","type-page","status-publish","has-post-thumbnail","hentry"],"yoast_head":"<!-- This site is optimized with the Yoast SEO plugin v28.2 - https:\/\/yoast.com\/product\/yoast-seo-wordpress\/ -->\n<title>\u00c0mbit educatiu i social - GESTALTERAPEUTA<\/title>\n<meta name=\"description\" content=\"Suport emocional i professional a professors des de la ter\u00e0pia gestalt. Marta Borr\u00f3s, terapeuta gestalt, acompanya la teva autocura i desenvolupament en L\u2019Hivernacle.\" \/>\n<meta name=\"robots\" content=\"index, follow, max-snippet:-1, max-image-preview:large, max-video-preview:-1\" \/>\n<link rel=\"canonical\" href=\"https:\/\/gestalterapeuta.com\/ca\/acompanyament-professorat\/\" \/>\n<meta property=\"og:locale\" content=\"ca_ES\" \/>\n<meta property=\"og:type\" content=\"article\" \/>\n<meta property=\"og:title\" content=\"\u00c0mbit educatiu i social - GESTALTERAPEUTA\" \/>\n<meta property=\"og:description\" content=\"Suport emocional i professional a professors des de la ter\u00e0pia gestalt. Marta Borr\u00f3s, terapeuta gestalt, acompanya la teva autocura i desenvolupament en L\u2019Hivernacle.\" \/>\n<meta property=\"og:url\" content=\"https:\/\/gestalterapeuta.com\/ca\/acompanyament-professorat\/\" \/>\n<meta property=\"og:site_name\" content=\"GESTALTERAPEUTA\" \/>\n<meta property=\"article:modified_time\" content=\"2026-09-04T16:07:01+00:00\" \/>\n<meta property=\"og:image\" content=\"https:\/\/gestalterapeuta.com\/wp-content\/uploads\/2025\/08\/iStock-1451108294-scaled.jpg\" \/>\n\t<meta property=\"og:image:width\" content=\"2560\" \/>\n\t<meta property=\"og:image:height\" content=\"1727\" \/>\n\t<meta property=\"og:image:type\" content=\"image\/jpeg\" \/>\n<meta name=\"twitter:card\" content=\"summary_large_image\" \/>\n<meta name=\"twitter:label1\" content=\"Temps estimat de lectura\" \/>\n\t<meta name=\"twitter:data1\" content=\"16 minuts\" \/>\n<script type=\"application\/ld+json\" class=\"yoast-schema-graph\">{\"@context\":\"https:\\\/\\\/schema.org\",\"@graph\":[{\"@type\":\"WebPage\",\"@id\":\"https:\\\/\\\/gestalterapeuta.com\\\/ca\\\/acompanyament-professorat\\\/\",\"url\":\"https:\\\/\\\/gestalterapeuta.com\\\/ca\\\/acompanyament-professorat\\\/\",\"name\":\"\u00c0mbit educatiu i social - GESTALTERAPEUTA\",\"isPartOf\":{\"@id\":\"https:\\\/\\\/gestalterapeuta.com\\\/ca\\\/#website\"},\"primaryImageOfPage\":{\"@id\":\"https:\\\/\\\/gestalterapeuta.com\\\/ca\\\/acompanyament-professorat\\\/#primaryimage\"},\"image\":{\"@id\":\"https:\\\/\\\/gestalterapeuta.com\\\/ca\\\/acompanyament-professorat\\\/#primaryimage\"},\"thumbnailUrl\":\"https:\\\/\\\/gestalterapeuta.com\\\/wp-content\\\/uploads\\\/2025\\\/08\\\/iStock-1451108294-scaled.jpg\",\"datePublished\":\"2025-07-11T18:37:17+00:00\",\"dateModified\":\"2026-09-04T16:07:01+00:00\",\"description\":\"Suport emocional i professional a professors des de la ter\u00e0pia gestalt. Marta Borr\u00f3s, terapeuta gestalt, acompanya la teva autocura i desenvolupament en L\u2019Hivernacle.\",\"breadcrumb\":{\"@id\":\"https:\\\/\\\/gestalterapeuta.com\\\/ca\\\/acompanyament-professorat\\\/#breadcrumb\"},\"inLanguage\":\"ca\",\"potentialAction\":[{\"@type\":\"ReadAction\",\"target\":[\"https:\\\/\\\/gestalterapeuta.com\\\/ca\\\/acompanyament-professorat\\\/\"]}]},{\"@type\":\"ImageObject\",\"inLanguage\":\"ca\",\"@id\":\"https:\\\/\\\/gestalterapeuta.com\\\/ca\\\/acompanyament-professorat\\\/#primaryimage\",\"url\":\"https:\\\/\\\/gestalterapeuta.com\\\/wp-content\\\/uploads\\\/2025\\\/08\\\/iStock-1451108294-scaled.jpg\",\"contentUrl\":\"https:\\\/\\\/gestalterapeuta.com\\\/wp-content\\\/uploads\\\/2025\\\/08\\\/iStock-1451108294-scaled.jpg\",\"width\":2560,\"height\":1727,\"caption\":\"Happy Latin American female teacher in the classroom with a group of students and looking at the camera smiling - education concepts\"},{\"@type\":\"BreadcrumbList\",\"@id\":\"https:\\\/\\\/gestalterapeuta.com\\\/ca\\\/acompanyament-professorat\\\/#breadcrumb\",\"itemListElement\":[{\"@type\":\"ListItem\",\"position\":1,\"name\":\"Home\",\"item\":\"https:\\\/\\\/gestalterapeuta.com\\\/ca\\\/\"},{\"@type\":\"ListItem\",\"position\":2,\"name\":\"\u00c0mbit educatiu i social\"}]},{\"@type\":\"WebSite\",\"@id\":\"https:\\\/\\\/gestalterapeuta.com\\\/ca\\\/#website\",\"url\":\"https:\\\/\\\/gestalterapeuta.com\\\/ca\\\/\",\"name\":\"GESTALTERAPEUTA\",\"description\":\"Web corporativa de Terapeuta Gestalt Marta Borr\u00f3s\",\"potentialAction\":[{\"@type\":\"SearchAction\",\"target\":{\"@type\":\"EntryPoint\",\"urlTemplate\":\"https:\\\/\\\/gestalterapeuta.com\\\/ca\\\/?s={search_term_string}\"},\"query-input\":{\"@type\":\"PropertyValueSpecification\",\"valueRequired\":true,\"valueName\":\"search_term_string\"}}],\"inLanguage\":\"ca\"}]}<\/script>\n<!-- \/ Yoast SEO plugin. -->","yoast_head_json":{"title":"\u00c0mbit educatiu i social - GESTALTERAPEUTA","description":"Suport emocional i professional a professors des de la ter\u00e0pia gestalt. Marta Borr\u00f3s, terapeuta gestalt, acompanya la teva autocura i desenvolupament en L\u2019Hivernacle.","robots":{"index":"index","follow":"follow","max-snippet":"max-snippet:-1","max-image-preview":"max-image-preview:large","max-video-preview":"max-video-preview:-1"},"canonical":"https:\/\/gestalterapeuta.com\/ca\/acompanyament-professorat\/","og_locale":"ca_ES","og_type":"article","og_title":"\u00c0mbit educatiu i social - GESTALTERAPEUTA","og_description":"Suport emocional i professional a professors des de la ter\u00e0pia gestalt. Marta Borr\u00f3s, terapeuta gestalt, acompanya la teva autocura i desenvolupament en L\u2019Hivernacle.","og_url":"https:\/\/gestalterapeuta.com\/ca\/acompanyament-professorat\/","og_site_name":"GESTALTERAPEUTA","article_modified_time":"2026-09-04T16:07:01+00:00","og_image":[{"width":2560,"height":1727,"url":"https:\/\/gestalterapeuta.com\/wp-content\/uploads\/2025\/08\/iStock-1451108294-scaled.jpg","type":"image\/jpeg"}],"twitter_card":"summary_large_image","twitter_misc":{"Temps estimat de lectura":"16 minuts"},"schema":{"@context":"https:\/\/schema.org","@graph":[{"@type":"WebPage","@id":"https:\/\/gestalterapeuta.com\/ca\/acompanyament-professorat\/","url":"https:\/\/gestalterapeuta.com\/ca\/acompanyament-professorat\/","name":"\u00c0mbit educatiu i social - GESTALTERAPEUTA","isPartOf":{"@id":"https:\/\/gestalterapeuta.com\/ca\/#website"},"primaryImageOfPage":{"@id":"https:\/\/gestalterapeuta.com\/ca\/acompanyament-professorat\/#primaryimage"},"image":{"@id":"https:\/\/gestalterapeuta.com\/ca\/acompanyament-professorat\/#primaryimage"},"thumbnailUrl":"https:\/\/gestalterapeuta.com\/wp-content\/uploads\/2025\/08\/iStock-1451108294-scaled.jpg","datePublished":"2025-07-11T18:37:17+00:00","dateModified":"2026-09-04T16:07:01+00:00","description":"Suport emocional i professional a professors des de la ter\u00e0pia gestalt. Marta Borr\u00f3s, terapeuta gestalt, acompanya la teva autocura i desenvolupament en L\u2019Hivernacle.","breadcrumb":{"@id":"https:\/\/gestalterapeuta.com\/ca\/acompanyament-professorat\/#breadcrumb"},"inLanguage":"ca","potentialAction":[{"@type":"ReadAction","target":["https:\/\/gestalterapeuta.com\/ca\/acompanyament-professorat\/"]}]},{"@type":"ImageObject","inLanguage":"ca","@id":"https:\/\/gestalterapeuta.com\/ca\/acompanyament-professorat\/#primaryimage","url":"https:\/\/gestalterapeuta.com\/wp-content\/uploads\/2025\/08\/iStock-1451108294-scaled.jpg","contentUrl":"https:\/\/gestalterapeuta.com\/wp-content\/uploads\/2025\/08\/iStock-1451108294-scaled.jpg","width":2560,"height":1727,"caption":"Happy Latin American female teacher in the classroom with a group of students and looking at the camera smiling - education concepts"},{"@type":"BreadcrumbList","@id":"https:\/\/gestalterapeuta.com\/ca\/acompanyament-professorat\/#breadcrumb","itemListElement":[{"@type":"ListItem","position":1,"name":"Home","item":"https:\/\/gestalterapeuta.com\/ca\/"},{"@type":"ListItem","position":2,"name":"\u00c0mbit educatiu i social"}]},{"@type":"WebSite","@id":"https:\/\/gestalterapeuta.com\/ca\/#website","url":"https:\/\/gestalterapeuta.com\/ca\/","name":"GESTALTERAPEUTA","description":"Web corporativa de Terapeuta Gestalt Marta Borr\u00f3s","potentialAction":[{"@type":"SearchAction","target":{"@type":"EntryPoint","urlTemplate":"https:\/\/gestalterapeuta.com\/ca\/?s={search_term_string}"},"query-input":{"@type":"PropertyValueSpecification","valueRequired":true,"valueName":"search_term_string"}}],"inLanguage":"ca"}]}},"_links":{"self":[{"href":"https:\/\/gestalterapeuta.com\/ca\/wp-json\/wp\/v2\/pages\/1845","targetHints":{"allow":["GET"]}}],"collection":[{"href":"https:\/\/gestalterapeuta.com\/ca\/wp-json\/wp\/v2\/pages"}],"about":[{"href":"https:\/\/gestalterapeuta.com\/ca\/wp-json\/wp\/v2\/types\/page"}],"author":[{"embeddable":true,"href":"https:\/\/gestalterapeuta.com\/ca\/wp-json\/wp\/v2\/users\/2"}],"replies":[{"embeddable":true,"href":"https:\/\/gestalterapeuta.com\/ca\/wp-json\/wp\/v2\/comments?post=1845"}],"version-history":[{"count":16,"href":"https:\/\/gestalterapeuta.com\/ca\/wp-json\/wp\/v2\/pages\/1845\/revisions"}],"predecessor-version":[{"id":2872,"href":"https:\/\/gestalterapeuta.com\/ca\/wp-json\/wp\/v2\/pages\/1845\/revisions\/2872"}],"wp:featuredmedia":[{"embeddable":true,"href":"https:\/\/gestalterapeuta.com\/ca\/wp-json\/wp\/v2\/media\/1735"}],"wp:attachment":[{"href":"https:\/\/gestalterapeuta.com\/ca\/wp-json\/wp\/v2\/media?parent=1845"}],"curies":[{"name":"wp","href":"https:\/\/api.w.org\/{rel}","templated":true}]}}